{"id":963,"date":"2025-03-02T12:27:22","date_gmt":"2025-03-02T11:27:22","guid":{"rendered":"https:\/\/laalmuniaapartments.es\/?page_id=963"},"modified":"2025-08-17T19:47:16","modified_gmt":"2025-08-17T17:47:16","slug":"informacion-mezquita-catedral-cordoba","status":"publish","type":"page","link":"https:\/\/laalmuniaapartments.es\/en\/informacion-mezquita-catedral-cordoba\/","title":{"rendered":"Informaci\u00f3n sobre la Mezquita Catedral de C\u00f3rdoba"},"content":{"rendered":"\n\t\t<div id=\"fws_69f529a6c5d67\"  data-column-margin=\"90px\" data-midnight=\"dark\" data-bottom-percent=\"8%\"  class=\"wpb_row vc_row-fluid vc_row full-width-section vc_row-o-equal-height vc_row-flex vc_row-o-content-top\"  style=\"padding-top: 0px; padding-bottom: calc(100vw * 0.08); \"><div class=\"row-bg-wrap\" data-bg-animation=\"none\" data-bg-animation-delay=\"\" data-bg-overlay=\"true\"><div class=\"inner-wrap row-bg-layer\" ><div class=\"row-bg viewport-desktop\"  style=\"\"><\/div><\/div><div class=\"row-bg-overlay row-bg-layer\" style=\"background: rgba(209,151,43,0.49); background: linear-gradient(90deg,rgba(209,151,43,0.49) 0%,#ffffff 100%);  opacity: 1; \"><\/div><\/div><div class=\"row_col_wrap_12 col span_12 dark left\">\n\t<div  class=\"vc_col-sm-6 wpb_column column_container vc_column_container col padding-4-percent inherit_tablet inherit_phone \"  data-padding-pos=\"top-bottom\" data-has-bg-color=\"false\" data-bg-color=\"\" data-bg-opacity=\"1\" data-animation=\"\" data-delay=\"0\" >\n\t\t<div class=\"vc_column-inner\" >\n\t\t\t<div class=\"wpb_wrapper\">\n\t\t\t\t<div id=\"fws_69f529a6c6ab2\" data-midnight=\"\" data-column-margin=\"none\" class=\"wpb_row vc_row-fluid vc_row inner_row vc_row-o-content-middle\"  style=\"\"><div class=\"row-bg-wrap\"> <div class=\"row-bg\" ><\/div> <\/div><div class=\"row_col_wrap_12_inner col span_12  left\">\n\t<div  class=\"vc_col-sm-12 wpb_column column_container vc_column_container col child_column no-extra-padding inherit_tablet inherit_phone \"   data-padding-pos=\"all\" data-has-bg-color=\"false\" data-bg-color=\"\" data-bg-opacity=\"1\" data-animation=\"\" data-delay=\"0\" >\n\t\t<div class=\"vc_column-inner\" >\n\t\t<div class=\"wpb_wrapper\">\n\t\t\t<div class=\"nectar-split-heading \" data-align=\"default\" data-m-align=\"inherit\" data-text-effect=\"default\" data-animation-type=\"line-reveal-by-space\" data-animation-delay=\"0\" data-animation-offset=\"\" data-m-rm-animation=\"\" data-stagger=\"\" data-custom-font-size=\"false\" ><h2 style=\"max-width: 520px;\">Todo lo que debes saber sobre la Mezquita Catedral de C\u00f3rdoba. Gu\u00eda completa para tu visita<\/h2><\/div>\n\t\t<\/div> \n\t<\/div>\n\t<\/div> \n<\/div><\/div><div id=\"fws_69f529a6c7758\" data-midnight=\"\" data-column-margin=\"default\" class=\"wpb_row vc_row-fluid vc_row inner_row vc_row-o-content-middle\"  style=\"\"><div class=\"row-bg-wrap\"> <div class=\"row-bg\" ><\/div> <\/div><div class=\"row_col_wrap_12_inner col span_12  left\">\n\t<div  class=\"vc_col-sm-12 wpb_column column_container vc_column_container col child_column has-animation no-extra-padding inherit_tablet inherit_phone \"   data-padding-pos=\"all\" data-has-bg-color=\"false\" data-bg-color=\"\" data-bg-opacity=\"1\" data-animation=\"fade-in-from-bottom\" data-delay=\"0\" >\n\t\t<div class=\"vc_column-inner\" >\n\t\t<div class=\"wpb_wrapper\">\n\t\t\t\n<div class=\"wpb_text_column wpb_content_element  vc_custom_1740918229483\" style=\" max-width: 500px; display: inline-block;\">\n\t<div class=\"wpb_wrapper\">\n\t\t<p>Planificar tu <strong>visita a la Mezquita-Catedral de C\u00f3rdoba<\/strong> es clave para disfrutar al m\u00e1ximo de esta maravilla arquitect\u00f3nica.<\/p>\n<h2>Horarios y mejores momentos para explorarla<\/h2>\n<ul>\n<li><u>Del 1 de noviembre al 28 de febrero.<\/u><br \/>\nLunes a S\u00e1bado: 10:00h a 18:00h.<br \/>\nDomingos y festivos: 8:30h a 10:00h y 14:00h a 18:00h.<\/li>\n<li><u>Del 1 de marzo al 31 de octubre.<\/u><br \/>\nLunes a S\u00e1bado: 10:00h a 19:00h.<br \/>\nDomingos y festivos: 8:30h a 10:00h y 14:00h a 19:00h.<\/li>\n<\/ul>\n<h4>Visita gratuita de lunes a s\u00e1bados, de 8:30 a 9:30 horas (excepto d\u00edas de celebraci\u00f3n extraordinaria).<\/h4>\n<p>Te recomendamos consultar la p\u00e1gina oficial (<a href=\"https:\/\/www.mezquitadecordoba.org\" target=\"_blank\" rel=\"noopener\">www.mezquitadecordoba.org<\/a>) antes de tu viaje, ya que los cierres para misas o eventos pueden afectar el acceso, con posibles ajustes tambi\u00e9n durante festividades religiosas como Semana Santa o Navidad.<\/p>\n<p>La entrada es gestionada por la Iglesia, por lo que debes respetar los horarios lit\u00fargicos si planeas visitarla en domingo.<\/p>\n<h3>Precios de acceso a la Mezquita Catedral<\/h3>\n<ul>\n<li>Adultos: 13\u20ac.<\/li>\n<li>Reducida: 10\u20ac (Personas mayores de 65 a\u00f1os, estudiantes de 15 a 26 a\u00f1os y titulares del Carnet Joven).<\/li>\n<li>Reducida: 7\u20ac (ni\u00f1os de 10 a 14 a\u00f1os, discapacitados hasta el 64% y miembros de familia numerosa).<\/li>\n<li>Nacidos o residentes en C\u00f3rdoba y menores de 10 a\u00f1os: Gratis.<\/li>\n<li>Titulares de la tarjeta \u201cAndaluc\u00eda Junta 65\u201d y discapacitados de m\u00e1s del 64% con un acompa\u00f1ante: Gratis.<\/li>\n<\/ul>\n\t<\/div>\n<\/div>\n\n\n\n\n\t\t<\/div> \n\t<\/div>\n\t<\/div> \n<\/div><\/div>\n\t\t\t<\/div> \n\t\t<\/div>\n\t<\/div> \n\n\t<div  class=\"vc_col-sm-6 wpb_column column_container vc_column_container col padding-5-percent inherit_tablet inherit_phone \"  data-padding-pos=\"top-bottom\" data-has-bg-color=\"false\" data-bg-color=\"\" data-bg-opacity=\"1\" data-animation=\"\" data-delay=\"0\" >\n\t\t<div class=\"vc_column-inner\" >\n\t\t\t<div class=\"wpb_wrapper\">\n\t\t\t\t<div class=\"img-with-aniamtion-wrap \" data-max-width=\"100%\" data-max-width-mobile=\"default\" data-border-radius=\"3px\" data-shadow=\"medium_depth\" data-animation=\"none\"  style=\"margin-bottom: 2%; \">\n      <div class=\"inner\">\n        <div class=\"hover-wrap\"> \n          <div class=\"hover-wrap-inner\">\n            <img loading=\"lazy\" decoding=\"async\" class=\"img-with-animation skip-lazy \" data-delay=\"0\" height=\"1050\" width=\"700\" data-animation=\"none\" src=\"https:\/\/laalmuniaapartments.es\/wp-content\/uploads\/2025\/03\/toda-la-informacion-que-necesitas-para-ver-la-mezquita-catedral-de-cordoba.webp\" alt=\"toda-la-informacion-que-necesitas-para-ver-la-mezquita-catedral-de-cordoba\" srcset=\"https:\/\/laalmuniaapartments.es\/wp-content\/uploads\/2025\/03\/toda-la-informacion-que-necesitas-para-ver-la-mezquita-catedral-de-cordoba.webp 700w, https:\/\/laalmuniaapartments.es\/wp-content\/uploads\/2025\/03\/toda-la-informacion-que-necesitas-para-ver-la-mezquita-catedral-de-cordoba-200x300.webp 200w, https:\/\/laalmuniaapartments.es\/wp-content\/uploads\/2025\/03\/toda-la-informacion-que-necesitas-para-ver-la-mezquita-catedral-de-cordoba-683x1024.webp 683w, https:\/\/laalmuniaapartments.es\/wp-content\/uploads\/2025\/03\/toda-la-informacion-que-necesitas-para-ver-la-mezquita-catedral-de-cordoba-8x12.webp 8w\" sizes=\"auto, (max-width: 700px) 100vw, 700px\" \/>\n          <\/div>\n        <\/div>\n      <\/div>\n    <\/div>\n<div class=\"wpb_text_column wpb_content_element \" >\n\t<div class=\"wpb_wrapper\">\n\t\t<h3>Cuando visitarla para una experiencia inolvidable<\/h3>\n<p>Elige el momento perfecto seg\u00fan tu estilo.<\/p>\n<p>Las ma\u00f1anas, especialmente de 8:30 a 9:30 horas (entrada gratuita), te ofrecen un espacio sereno para <u>contemplar el bosque de columnas sin multitudes<\/u>, ideal para fot\u00f3grafos o amantes de la paz.<\/p>\n<p>Para una <u>visita con encanto especial<\/u>, el atardecer (justo antes del cierre, entre 17:00-19:00 horas seg\u00fan la temporada) ilumina los arcos con tonos c\u00e1lidos, aunque puede estar m\u00e1s concurrido.<\/p>\n<p>Evita las horas centrales (12:00-15:00) si buscas tranquilidad, ya que es cuando llegan m\u00e1s turistas.<\/p>\n<p>La primavera y el oto\u00f1o, con su clima agradable, son ideales, mientras que el verano requiere protecci\u00f3n contra el calor. <strong>\u00a1Planifica tu d\u00eda y vive la Mezquita-Catedral como un sue\u00f1o!<\/strong><\/p>\n\t<\/div>\n<\/div>\n\n\n\n\n\t\t\t<\/div> \n\t\t<\/div>\n\t<\/div> \n<\/div><\/div>\n\t\t<div id=\"fws_69f529a6c85fe\"  data-column-margin=\"default\" data-midnight=\"dark\" data-top-percent=\"2%\" data-bottom-percent=\"2%\"  class=\"wpb_row vc_row-fluid vc_row full-width-content vc_row-o-equal-height vc_row-flex vc_row-o-content-top\"  style=\"padding-top: calc(100vw * 0.02); padding-bottom: calc(100vw * 0.02); \"><div class=\"row-bg-wrap\" data-bg-animation=\"none\" data-bg-animation-delay=\"\" data-bg-overlay=\"false\"><div class=\"inner-wrap row-bg-layer\" ><div class=\"row-bg viewport-desktop\"  style=\"\"><\/div><\/div><\/div><div class=\"row_col_wrap_12 col span_12 dark left\">\n\t<div  class=\"vc_col-sm-12 wpb_column column_container vc_column_container col no-extra-padding inherit_tablet inherit_phone \"  data-padding-pos=\"all\" data-has-bg-color=\"false\" data-bg-color=\"\" data-bg-opacity=\"1\" data-animation=\"\" data-delay=\"0\" >\n\t\t<div class=\"vc_column-inner\" >\n\t\t\t<div class=\"wpb_wrapper\">\n\t\t\t\t\n\t<div class=\"wpb_raw_code wpb_content_element wpb_raw_html\" >\n\t\t<div class=\"wpb_wrapper\">\n\t\t\t<div id=\"envira-gallery-wrap-982\" class=\"envira-gallery-wrap envira-lazy-loading-enabled envira-layout-mason envira-gallery-theme-base\" itemscope itemtype=\"https:\/\/schema.org\/ImageGallery\"><div class=\"envira-loader\"><div><\/div><div><\/div><div><\/div><div><\/div><\/div><div id=\"envira-gallery-982\" class=\"envira-gallery-public envira-gallery-4-columns envira-clear enviratope\" data-envira-id=\"982\" data-gallery-config='{\"type\":\"default\",\"layout\":\"mason\",\"columns\":\"4\",\"gallery_theme\":\"base\",\"justified_margins\":1,\"justified_last_row\":\"nojustify\",\"lazy_loading\":1,\"lazy_loading_delay\":500,\"gutter\":10,\"gutter_mobile\":0,\"margin\":10,\"image_size\":\"default\",\"square_size\":300,\"crop_width\":640,\"crop_height\":480,\"crop\":0,\"crop_position\":\"c\",\"show_more_text\":\"Click for more\",\"additional_copy_0\":0,\"additional_copy_title\":0,\"additional_copy_caption\":0,\"additional_copy_title_caption\":0,\"additional_copy_0_mobile\":0,\"additional_copy_title_mobile\":0,\"additional_copy_caption_mobile\":0,\"additional_copy_title_caption_mobile\":0,\"gallery_column_title_caption\":\"0\",\"gallery_column_title_caption_mobile\":\"0\",\"additional_copy_automatic_0\":0,\"additional_copy_automatic_title\":0,\"additional_copy_automatic_caption\":0,\"additional_copy_automatic_title_caption\":0,\"additional_copy_automatic_0_mobile\":0,\"additional_copy_automatic_title_mobile\":0,\"additional_copy_automatic_caption_mobile\":0,\"additional_copy_automatic_title_caption_mobile\":0,\"gallery_automatic_title_caption\":\"0\",\"gallery_automatic_title_caption_mobile\":\"0\",\"justified_row_height\":150,\"description_position\":\"0\",\"description\":\"\",\"random\":\"0\",\"sort_order\":\"0\",\"sorting_direction\":\"ASC\",\"image_sizes_random\":[],\"isotope\":true,\"lightbox_enabled\":1,\"gallery_link_enabled\":1,\"lightbox_theme\":\"base_dark\",\"lightbox_image_size\":\"default\",\"title_display\":\"float\",\"lightbox_title_caption\":\"0\",\"arrows\":1,\"arrows_position\":\"inside\",\"toolbar\":0,\"toolbar_title\":0,\"toolbar_position\":\"top\",\"loop\":1,\"lightbox_open_close_effect\":\"fade\",\"effect\":\"fade\",\"supersize\":0,\"thumbnails_toggle\":0,\"thumbnails_hide\":0,\"image_counter\":0,\"lightbox_html_caption\":0,\"thumbnails\":1,\"thumbnails_width\":\"auto\",\"thumbnails_height\":\"auto\",\"thumbnails_position\":\"bottom\",\"thumbnails_custom_size\":0,\"mobile\":1,\"mobile_width\":320,\"mobile_height\":240,\"mobile_lightbox\":1,\"mobile_gallery_link_enabled\":0,\"mobile_arrows\":1,\"mobile_toolbar\":1,\"mobile_thumbnails\":1,\"mobile_touchwipe_close\":0,\"mobile_thumbnails_width\":75,\"mobile_thumbnails_height\":50,\"mobile_justified_row_height\":80,\"keyboard\":true,\"standalone_template\":\"\",\"classes\":[\"\"],\"rtl\":0,\"slug\":\"mezquita-catedral\",\"gallery_id\":\"982\"}' data-gallery-images='[{\"status\":\"active\",\"src\":\"https:\\\/\\\/laalmuniaapartments.es\\\/wp-content\\\/uploads\\\/2025\\\/03\\\/arcos-mezquita-catedral-cordoba.webp\",\"title\":\"arcos-mezquita-catedral-cordoba\",\"link\":\"https:\\\/\\\/laalmuniaapartments.es\\\/wp-content\\\/uploads\\\/2025\\\/03\\\/arcos-mezquita-catedral-cordoba.webp\",\"alt\":\"arcos-mezquita-catedral-cordoba\",\"caption\":false,\"thumb\":\"https:\\\/\\\/laalmuniaapartments.es\\\/wp-content\\\/uploads\\\/2025\\\/03\\\/arcos-mezquita-catedral-cordoba-75x50_c.webp\",\"meta\":{\"aperture\":null,\"credit\":null,\"camera\":null,\"caption\":\"\",\"created_timestamp\":null,\"copyright\":null,\"focal_length\":null,\"iso\":null,\"shutter_speed\":null,\"title\":\"\",\"orientation\":null,\"keywords\":null,\"resized_images\":null},\"thumbnail\":\"https:\\\/\\\/laalmuniaapartments.es\\\/wp-content\\\/uploads\\\/2025\\\/03\\\/arcos-mezquita-catedral-cordoba-150x150.webp\",\"medium\":\"https:\\\/\\\/laalmuniaapartments.es\\\/wp-content\\\/uploads\\\/2025\\\/03\\\/arcos-mezquita-catedral-cordoba-200x300.webp\",\"medium_large\":\"https:\\\/\\\/laalmuniaapartments.es\\\/wp-content\\\/uploads\\\/2025\\\/03\\\/arcos-mezquita-catedral-cordoba-768x1152.webp\",\"large\":\"https:\\\/\\\/laalmuniaapartments.es\\\/wp-content\\\/uploads\\\/2025\\\/03\\\/arcos-mezquita-catedral-cordoba-683x1024.webp\",\"1536x1536\":\"https:\\\/\\\/laalmuniaapartments.es\\\/wp-content\\\/uploads\\\/2025\\\/03\\\/arcos-mezquita-catedral-cordoba.webp\",\"2048x2048\":\"https:\\\/\\\/laalmuniaapartments.es\\\/wp-content\\\/uploads\\\/2025\\\/03\\\/arcos-mezquita-catedral-cordoba.webp\",\"trp-custom-language-flag\":\"https:\\\/\\\/laalmuniaapartments.es\\\/wp-content\\\/uploads\\\/2025\\\/03\\\/arcos-mezquita-catedral-cordoba-8x12.webp\",\"portfolio-thumb\":\"https:\\\/\\\/laalmuniaapartments.es\\\/wp-content\\\/uploads\\\/2025\\\/03\\\/arcos-mezquita-catedral-cordoba-600x403.webp\",\"nectar_small_square\":\"https:\\\/\\\/laalmuniaapartments.es\\\/wp-content\\\/uploads\\\/2025\\\/03\\\/arcos-mezquita-catedral-cordoba-140x140.webp\",\"portfolio-thumb_large\":\"https:\\\/\\\/laalmuniaapartments.es\\\/wp-content\\\/uploads\\\/2025\\\/03\\\/arcos-mezquita-catedral-cordoba-800x604.webp\",\"portfolio-thumb_small\":\"https:\\\/\\\/laalmuniaapartments.es\\\/wp-content\\\/uploads\\\/2025\\\/03\\\/arcos-mezquita-catedral-cordoba-400x269.webp\",\"portfolio-widget\":\"https:\\\/\\\/laalmuniaapartments.es\\\/wp-content\\\/uploads\\\/2025\\\/03\\\/arcos-mezquita-catedral-cordoba-100x100.webp\",\"wide\":\"https:\\\/\\\/laalmuniaapartments.es\\\/wp-content\\\/uploads\\\/2025\\\/03\\\/arcos-mezquita-catedral-cordoba-800x500.webp\",\"wide_photography\":\"https:\\\/\\\/laalmuniaapartments.es\\\/wp-content\\\/uploads\\\/2025\\\/03\\\/arcos-mezquita-catedral-cordoba-800x600.webp\",\"wide_small\":\"https:\\\/\\\/laalmuniaapartments.es\\\/wp-content\\\/uploads\\\/2025\\\/03\\\/arcos-mezquita-catedral-cordoba-670x335.webp\",\"regular\":\"https:\\\/\\\/laalmuniaapartments.es\\\/wp-content\\\/uploads\\\/2025\\\/03\\\/arcos-mezquita-catedral-cordoba-500x500.webp\",\"regular_small\":\"https:\\\/\\\/laalmuniaapartments.es\\\/wp-content\\\/uploads\\\/2025\\\/03\\\/arcos-mezquita-catedral-cordoba-350x350.webp\",\"tall\":\"https:\\\/\\\/laalmuniaapartments.es\\\/wp-content\\\/uploads\\\/2025\\\/03\\\/arcos-mezquita-catedral-cordoba-500x1000.webp\",\"wide_tall\":\"https:\\\/\\\/laalmuniaapartments.es\\\/wp-content\\\/uploads\\\/2025\\\/03\\\/arcos-mezquita-catedral-cordoba-800x1000.webp\",\"large_featured\":\"https:\\\/\\\/laalmuniaapartments.es\\\/wp-content\\\/uploads\\\/2025\\\/03\\\/arcos-mezquita-catedral-cordoba-800x770.webp\",\"medium_featured\":\"https:\\\/\\\/laalmuniaapartments.es\\\/wp-content\\\/uploads\\\/2025\\\/03\\\/arcos-mezquita-catedral-cordoba-800x800.webp\",\"full\":\"https:\\\/\\\/laalmuniaapartments.es\\\/wp-content\\\/uploads\\\/2025\\\/03\\\/arcos-mezquita-catedral-cordoba.webp\",\"index\":0,\"id\":983,\"video\":false,\"opts\":{\"caption\":\"\",\"thumb\":\"https:\\\/\\\/laalmuniaapartments.es\\\/wp-content\\\/uploads\\\/2025\\\/03\\\/arcos-mezquita-catedral-cordoba-75x50_c.webp\",\"title\":\"arcos-mezquita-catedral-cordoba\"},\"gallery_id\":\"982\"},{\"status\":\"active\",\"src\":\"https:\\\/\\\/laalmuniaapartments.es\\\/wp-content\\\/uploads\\\/2025\\\/03\\\/arcos-mezquita-catedral-interior.webp\",\"title\":\"arcos-mezquita-catedral-interior\",\"link\":\"https:\\\/\\\/laalmuniaapartments.es\\\/wp-content\\\/uploads\\\/2025\\\/03\\\/arcos-mezquita-catedral-interior.webp\",\"alt\":\"arcos-mezquita-catedral-interior\",\"caption\":false,\"thumb\":\"https:\\\/\\\/laalmuniaapartments.es\\\/wp-content\\\/uploads\\\/2025\\\/03\\\/arcos-mezquita-catedral-interior-75x50_c.webp\",\"meta\":{\"aperture\":null,\"credit\":null,\"camera\":null,\"caption\":\"\",\"created_timestamp\":null,\"copyright\":null,\"focal_length\":null,\"iso\":null,\"shutter_speed\":null,\"title\":\"\",\"orientation\":null,\"keywords\":null,\"resized_images\":null},\"thumbnail\":\"https:\\\/\\\/laalmuniaapartments.es\\\/wp-content\\\/uploads\\\/2025\\\/03\\\/arcos-mezquita-catedral-interior-150x150.webp\",\"medium\":\"https:\\\/\\\/laalmuniaapartments.es\\\/wp-content\\\/uploads\\\/2025\\\/03\\\/arcos-mezquita-catedral-interior-300x200.webp\",\"medium_large\":\"https:\\\/\\\/laalmuniaapartments.es\\\/wp-content\\\/uploads\\\/2025\\\/03\\\/arcos-mezquita-catedral-interior-768x512.webp\",\"large\":\"https:\\\/\\\/laalmuniaapartments.es\\\/wp-content\\\/uploads\\\/2025\\\/03\\\/arcos-mezquita-catedral-interior-1024x683.webp\",\"1536x1536\":\"https:\\\/\\\/laalmuniaapartments.es\\\/wp-content\\\/uploads\\\/2025\\\/03\\\/arcos-mezquita-catedral-interior.webp\",\"2048x2048\":\"https:\\\/\\\/laalmuniaapartments.es\\\/wp-content\\\/uploads\\\/2025\\\/03\\\/arcos-mezquita-catedral-interior.webp\",\"trp-custom-language-flag\":\"https:\\\/\\\/laalmuniaapartments.es\\\/wp-content\\\/uploads\\\/2025\\\/03\\\/arcos-mezquita-catedral-interior-18x12.webp\",\"portfolio-thumb\":\"https:\\\/\\\/laalmuniaapartments.es\\\/wp-content\\\/uploads\\\/2025\\\/03\\\/arcos-mezquita-catedral-interior-600x403.webp\",\"nectar_small_square\":\"https:\\\/\\\/laalmuniaapartments.es\\\/wp-content\\\/uploads\\\/2025\\\/03\\\/arcos-mezquita-catedral-interior-140x140.webp\",\"portfolio-thumb_large\":\"https:\\\/\\\/laalmuniaapartments.es\\\/wp-content\\\/uploads\\\/2025\\\/03\\\/arcos-mezquita-catedral-interior-900x604.webp\",\"portfolio-thumb_small\":\"https:\\\/\\\/laalmuniaapartments.es\\\/wp-content\\\/uploads\\\/2025\\\/03\\\/arcos-mezquita-catedral-interior-400x269.webp\",\"portfolio-widget\":\"https:\\\/\\\/laalmuniaapartments.es\\\/wp-content\\\/uploads\\\/2025\\\/03\\\/arcos-mezquita-catedral-interior-100x100.webp\",\"wide\":\"https:\\\/\\\/laalmuniaapartments.es\\\/wp-content\\\/uploads\\\/2025\\\/03\\\/arcos-mezquita-catedral-interior-1000x500.webp\",\"wide_photography\":\"https:\\\/\\\/laalmuniaapartments.es\\\/wp-content\\\/uploads\\\/2025\\\/03\\\/arcos-mezquita-catedral-interior-900x600.webp\",\"wide_small\":\"https:\\\/\\\/laalmuniaapartments.es\\\/wp-content\\\/uploads\\\/2025\\\/03\\\/arcos-mezquita-catedral-interior-670x335.webp\",\"regular\":\"https:\\\/\\\/laalmuniaapartments.es\\\/wp-content\\\/uploads\\\/2025\\\/03\\\/arcos-mezquita-catedral-interior-500x500.webp\",\"regular_small\":\"https:\\\/\\\/laalmuniaapartments.es\\\/wp-content\\\/uploads\\\/2025\\\/03\\\/arcos-mezquita-catedral-interior-350x350.webp\",\"tall\":\"https:\\\/\\\/laalmuniaapartments.es\\\/wp-content\\\/uploads\\\/2025\\\/03\\\/arcos-mezquita-catedral-interior-500x800.webp\",\"wide_tall\":\"https:\\\/\\\/laalmuniaapartments.es\\\/wp-content\\\/uploads\\\/2025\\\/03\\\/arcos-mezquita-catedral-interior-1000x800.webp\",\"large_featured\":\"https:\\\/\\\/laalmuniaapartments.es\\\/wp-content\\\/uploads\\\/2025\\\/03\\\/arcos-mezquita-catedral-interior-1200x770.webp\",\"medium_featured\":\"https:\\\/\\\/laalmuniaapartments.es\\\/wp-content\\\/uploads\\\/2025\\\/03\\\/arcos-mezquita-catedral-interior-800x800.webp\",\"full\":\"https:\\\/\\\/laalmuniaapartments.es\\\/wp-content\\\/uploads\\\/2025\\\/03\\\/arcos-mezquita-catedral-interior.webp\",\"index\":1,\"id\":984,\"video\":false,\"opts\":{\"caption\":\"\",\"thumb\":\"https:\\\/\\\/laalmuniaapartments.es\\\/wp-content\\\/uploads\\\/2025\\\/03\\\/arcos-mezquita-catedral-interior-75x50_c.webp\",\"title\":\"arcos-mezquita-catedral-interior\"},\"gallery_id\":\"982\"},{\"status\":\"active\",\"src\":\"https:\\\/\\\/laalmuniaapartments.es\\\/wp-content\\\/uploads\\\/2025\\\/03\\\/como-visitar-la-mezquita-catedral-de-cordoba.webp\",\"title\":\"como-visitar-la-mezquita-catedral-de-cordoba\",\"link\":\"https:\\\/\\\/laalmuniaapartments.es\\\/wp-content\\\/uploads\\\/2025\\\/03\\\/como-visitar-la-mezquita-catedral-de-cordoba.webp\",\"alt\":\"como-visitar-la-mezquita-catedral-de-cordoba\",\"caption\":false,\"thumb\":\"https:\\\/\\\/laalmuniaapartments.es\\\/wp-content\\\/uploads\\\/2025\\\/03\\\/como-visitar-la-mezquita-catedral-de-cordoba-75x50_c.webp\",\"meta\":{\"aperture\":null,\"credit\":null,\"camera\":null,\"caption\":\"\",\"created_timestamp\":null,\"copyright\":null,\"focal_length\":null,\"iso\":null,\"shutter_speed\":null,\"title\":\"\",\"orientation\":null,\"keywords\":null,\"resized_images\":null},\"thumbnail\":\"https:\\\/\\\/laalmuniaapartments.es\\\/wp-content\\\/uploads\\\/2025\\\/03\\\/como-visitar-la-mezquita-catedral-de-cordoba-150x150.webp\",\"medium\":\"https:\\\/\\\/laalmuniaapartments.es\\\/wp-content\\\/uploads\\\/2025\\\/03\\\/como-visitar-la-mezquita-catedral-de-cordoba-300x169.webp\",\"medium_large\":\"https:\\\/\\\/laalmuniaapartments.es\\\/wp-content\\\/uploads\\\/2025\\\/03\\\/como-visitar-la-mezquita-catedral-de-cordoba-768x432.webp\",\"large\":\"https:\\\/\\\/laalmuniaapartments.es\\\/wp-content\\\/uploads\\\/2025\\\/03\\\/como-visitar-la-mezquita-catedral-de-cordoba-1024x576.webp\",\"1536x1536\":\"https:\\\/\\\/laalmuniaapartments.es\\\/wp-content\\\/uploads\\\/2025\\\/03\\\/como-visitar-la-mezquita-catedral-de-cordoba.webp\",\"2048x2048\":\"https:\\\/\\\/laalmuniaapartments.es\\\/wp-content\\\/uploads\\\/2025\\\/03\\\/como-visitar-la-mezquita-catedral-de-cordoba.webp\",\"trp-custom-language-flag\":\"https:\\\/\\\/laalmuniaapartments.es\\\/wp-content\\\/uploads\\\/2025\\\/03\\\/como-visitar-la-mezquita-catedral-de-cordoba-18x10.webp\",\"portfolio-thumb\":\"https:\\\/\\\/laalmuniaapartments.es\\\/wp-content\\\/uploads\\\/2025\\\/03\\\/como-visitar-la-mezquita-catedral-de-cordoba-600x403.webp\",\"nectar_small_square\":\"https:\\\/\\\/laalmuniaapartments.es\\\/wp-content\\\/uploads\\\/2025\\\/03\\\/como-visitar-la-mezquita-catedral-de-cordoba-140x140.webp\",\"portfolio-thumb_large\":\"https:\\\/\\\/laalmuniaapartments.es\\\/wp-content\\\/uploads\\\/2025\\\/03\\\/como-visitar-la-mezquita-catedral-de-cordoba-900x604.webp\",\"portfolio-thumb_small\":\"https:\\\/\\\/laalmuniaapartments.es\\\/wp-content\\\/uploads\\\/2025\\\/03\\\/como-visitar-la-mezquita-catedral-de-cordoba-400x269.webp\",\"portfolio-widget\":\"https:\\\/\\\/laalmuniaapartments.es\\\/wp-content\\\/uploads\\\/2025\\\/03\\\/como-visitar-la-mezquita-catedral-de-cordoba-100x100.webp\",\"wide\":\"https:\\\/\\\/laalmuniaapartments.es\\\/wp-content\\\/uploads\\\/2025\\\/03\\\/como-visitar-la-mezquita-catedral-de-cordoba-1000x500.webp\",\"wide_photography\":\"https:\\\/\\\/laalmuniaapartments.es\\\/wp-content\\\/uploads\\\/2025\\\/03\\\/como-visitar-la-mezquita-catedral-de-cordoba-900x600.webp\",\"wide_small\":\"https:\\\/\\\/laalmuniaapartments.es\\\/wp-content\\\/uploads\\\/2025\\\/03\\\/como-visitar-la-mezquita-catedral-de-cordoba-670x335.webp\",\"regular\":\"https:\\\/\\\/laalmuniaapartments.es\\\/wp-content\\\/uploads\\\/2025\\\/03\\\/como-visitar-la-mezquita-catedral-de-cordoba-500x500.webp\",\"regular_small\":\"https:\\\/\\\/laalmuniaapartments.es\\\/wp-content\\\/uploads\\\/2025\\\/03\\\/como-visitar-la-mezquita-catedral-de-cordoba-350x350.webp\",\"tall\":\"https:\\\/\\\/laalmuniaapartments.es\\\/wp-content\\\/uploads\\\/2025\\\/03\\\/como-visitar-la-mezquita-catedral-de-cordoba-500x675.webp\",\"wide_tall\":\"https:\\\/\\\/laalmuniaapartments.es\\\/wp-content\\\/uploads\\\/2025\\\/03\\\/como-visitar-la-mezquita-catedral-de-cordoba-1000x675.webp\",\"large_featured\":\"https:\\\/\\\/laalmuniaapartments.es\\\/wp-content\\\/uploads\\\/2025\\\/03\\\/como-visitar-la-mezquita-catedral-de-cordoba.webp\",\"medium_featured\":\"https:\\\/\\\/laalmuniaapartments.es\\\/wp-content\\\/uploads\\\/2025\\\/03\\\/como-visitar-la-mezquita-catedral-de-cordoba-800x675.webp\",\"full\":\"https:\\\/\\\/laalmuniaapartments.es\\\/wp-content\\\/uploads\\\/2025\\\/03\\\/como-visitar-la-mezquita-catedral-de-cordoba.webp\",\"index\":2,\"id\":985,\"video\":false,\"opts\":{\"caption\":\"\",\"thumb\":\"https:\\\/\\\/laalmuniaapartments.es\\\/wp-content\\\/uploads\\\/2025\\\/03\\\/como-visitar-la-mezquita-catedral-de-cordoba-75x50_c.webp\",\"title\":\"como-visitar-la-mezquita-catedral-de-cordoba\"},\"gallery_id\":\"982\"},{\"status\":\"active\",\"src\":\"https:\\\/\\\/laalmuniaapartments.es\\\/wp-content\\\/uploads\\\/2025\\\/03\\\/dorados-columnas-mezquita-catedral-de-cordoba.webp\",\"title\":\"dorados-columnas-mezquita-catedral-de-cordoba\",\"link\":\"https:\\\/\\\/laalmuniaapartments.es\\\/wp-content\\\/uploads\\\/2025\\\/03\\\/dorados-columnas-mezquita-catedral-de-cordoba.webp\",\"alt\":\"dorados-columnas-mezquita-catedral-de-cordoba\",\"caption\":false,\"thumb\":\"https:\\\/\\\/laalmuniaapartments.es\\\/wp-content\\\/uploads\\\/2025\\\/03\\\/dorados-columnas-mezquita-catedral-de-cordoba-75x50_c.webp\",\"meta\":{\"aperture\":null,\"credit\":null,\"camera\":null,\"caption\":\"\",\"created_timestamp\":null,\"copyright\":null,\"focal_length\":null,\"iso\":null,\"shutter_speed\":null,\"title\":\"\",\"orientation\":null,\"keywords\":null,\"resized_images\":null},\"thumbnail\":\"https:\\\/\\\/laalmuniaapartments.es\\\/wp-content\\\/uploads\\\/2025\\\/03\\\/dorados-columnas-mezquita-catedral-de-cordoba-150x150.webp\",\"medium\":\"https:\\\/\\\/laalmuniaapartments.es\\\/wp-content\\\/uploads\\\/2025\\\/03\\\/dorados-columnas-mezquita-catedral-de-cordoba-300x200.webp\",\"medium_large\":\"https:\\\/\\\/laalmuniaapartments.es\\\/wp-content\\\/uploads\\\/2025\\\/03\\\/dorados-columnas-mezquita-catedral-de-cordoba-768x512.webp\",\"large\":\"https:\\\/\\\/laalmuniaapartments.es\\\/wp-content\\\/uploads\\\/2025\\\/03\\\/dorados-columnas-mezquita-catedral-de-cordoba-1024x683.webp\",\"1536x1536\":\"https:\\\/\\\/laalmuniaapartments.es\\\/wp-content\\\/uploads\\\/2025\\\/03\\\/dorados-columnas-mezquita-catedral-de-cordoba.webp\",\"2048x2048\":\"https:\\\/\\\/laalmuniaapartments.es\\\/wp-content\\\/uploads\\\/2025\\\/03\\\/dorados-columnas-mezquita-catedral-de-cordoba.webp\",\"trp-custom-language-flag\":\"https:\\\/\\\/laalmuniaapartments.es\\\/wp-content\\\/uploads\\\/2025\\\/03\\\/dorados-columnas-mezquita-catedral-de-cordoba-18x12.webp\",\"portfolio-thumb\":\"https:\\\/\\\/laalmuniaapartments.es\\\/wp-content\\\/uploads\\\/2025\\\/03\\\/dorados-columnas-mezquita-catedral-de-cordoba-600x403.webp\",\"nectar_small_square\":\"https:\\\/\\\/laalmuniaapartments.es\\\/wp-content\\\/uploads\\\/2025\\\/03\\\/dorados-columnas-mezquita-catedral-de-cordoba-140x140.webp\",\"portfolio-thumb_large\":\"https:\\\/\\\/laalmuniaapartments.es\\\/wp-content\\\/uploads\\\/2025\\\/03\\\/dorados-columnas-mezquita-catedral-de-cordoba-900x604.webp\",\"portfolio-thumb_small\":\"https:\\\/\\\/laalmuniaapartments.es\\\/wp-content\\\/uploads\\\/2025\\\/03\\\/dorados-columnas-mezquita-catedral-de-cordoba-400x269.webp\",\"portfolio-widget\":\"https:\\\/\\\/laalmuniaapartments.es\\\/wp-content\\\/uploads\\\/2025\\\/03\\\/dorados-columnas-mezquita-catedral-de-cordoba-100x100.webp\",\"wide\":\"https:\\\/\\\/laalmuniaapartments.es\\\/wp-content\\\/uploads\\\/2025\\\/03\\\/dorados-columnas-mezquita-catedral-de-cordoba-1000x500.webp\",\"wide_photography\":\"https:\\\/\\\/laalmuniaapartments.es\\\/wp-content\\\/uploads\\\/2025\\\/03\\\/dorados-columnas-mezquita-catedral-de-cordoba-900x600.webp\",\"wide_small\":\"https:\\\/\\\/laalmuniaapartments.es\\\/wp-content\\\/uploads\\\/2025\\\/03\\\/dorados-columnas-mezquita-catedral-de-cordoba-670x335.webp\",\"regular\":\"https:\\\/\\\/laalmuniaapartments.es\\\/wp-content\\\/uploads\\\/2025\\\/03\\\/dorados-columnas-mezquita-catedral-de-cordoba-500x500.webp\",\"regular_small\":\"https:\\\/\\\/laalmuniaapartments.es\\\/wp-content\\\/uploads\\\/2025\\\/03\\\/dorados-columnas-mezquita-catedral-de-cordoba-350x350.webp\",\"tall\":\"https:\\\/\\\/laalmuniaapartments.es\\\/wp-content\\\/uploads\\\/2025\\\/03\\\/dorados-columnas-mezquita-catedral-de-cordoba-500x867.webp\",\"wide_tall\":\"https:\\\/\\\/laalmuniaapartments.es\\\/wp-content\\\/uploads\\\/2025\\\/03\\\/dorados-columnas-mezquita-catedral-de-cordoba-1000x867.webp\",\"large_featured\":\"https:\\\/\\\/laalmuniaapartments.es\\\/wp-content\\\/uploads\\\/2025\\\/03\\\/dorados-columnas-mezquita-catedral-de-cordoba-1300x770.webp\",\"medium_featured\":\"https:\\\/\\\/laalmuniaapartments.es\\\/wp-content\\\/uploads\\\/2025\\\/03\\\/dorados-columnas-mezquita-catedral-de-cordoba-800x800.webp\",\"full\":\"https:\\\/\\\/laalmuniaapartments.es\\\/wp-content\\\/uploads\\\/2025\\\/03\\\/dorados-columnas-mezquita-catedral-de-cordoba.webp\",\"index\":3,\"id\":986,\"video\":false,\"opts\":{\"caption\":\"\",\"thumb\":\"https:\\\/\\\/laalmuniaapartments.es\\\/wp-content\\\/uploads\\\/2025\\\/03\\\/dorados-columnas-mezquita-catedral-de-cordoba-75x50_c.webp\",\"title\":\"dorados-columnas-mezquita-catedral-de-cordoba\"},\"gallery_id\":\"982\"},{\"status\":\"active\",\"src\":\"https:\\\/\\\/laalmuniaapartments.es\\\/wp-content\\\/uploads\\\/2025\\\/03\\\/entrada-mezquita-catedral-de-cordoba.webp\",\"title\":\"entrada-mezquita-catedral-de-cordoba\",\"link\":\"https:\\\/\\\/laalmuniaapartments.es\\\/wp-content\\\/uploads\\\/2025\\\/03\\\/entrada-mezquita-catedral-de-cordoba.webp\",\"alt\":\"entrada-mezquita-catedral-de-cordoba\",\"caption\":false,\"thumb\":\"https:\\\/\\\/laalmuniaapartments.es\\\/wp-content\\\/uploads\\\/2025\\\/03\\\/entrada-mezquita-catedral-de-cordoba-75x50_c.webp\",\"meta\":{\"aperture\":null,\"credit\":null,\"camera\":null,\"caption\":\"\",\"created_timestamp\":null,\"copyright\":null,\"focal_length\":null,\"iso\":null,\"shutter_speed\":null,\"title\":\"\",\"orientation\":null,\"keywords\":null,\"resized_images\":null},\"thumbnail\":\"https:\\\/\\\/laalmuniaapartments.es\\\/wp-content\\\/uploads\\\/2025\\\/03\\\/entrada-mezquita-catedral-de-cordoba-150x150.webp\",\"medium\":\"https:\\\/\\\/laalmuniaapartments.es\\\/wp-content\\\/uploads\\\/2025\\\/03\\\/entrada-mezquita-catedral-de-cordoba-200x300.webp\",\"medium_large\":\"https:\\\/\\\/laalmuniaapartments.es\\\/wp-content\\\/uploads\\\/2025\\\/03\\\/entrada-mezquita-catedral-de-cordoba-768x1152.webp\",\"large\":\"https:\\\/\\\/laalmuniaapartments.es\\\/wp-content\\\/uploads\\\/2025\\\/03\\\/entrada-mezquita-catedral-de-cordoba-683x1024.webp\",\"1536x1536\":\"https:\\\/\\\/laalmuniaapartments.es\\\/wp-content\\\/uploads\\\/2025\\\/03\\\/entrada-mezquita-catedral-de-cordoba.webp\",\"2048x2048\":\"https:\\\/\\\/laalmuniaapartments.es\\\/wp-content\\\/uploads\\\/2025\\\/03\\\/entrada-mezquita-catedral-de-cordoba.webp\",\"trp-custom-language-flag\":\"https:\\\/\\\/laalmuniaapartments.es\\\/wp-content\\\/uploads\\\/2025\\\/03\\\/entrada-mezquita-catedral-de-cordoba-8x12.webp\",\"portfolio-thumb\":\"https:\\\/\\\/laalmuniaapartments.es\\\/wp-content\\\/uploads\\\/2025\\\/03\\\/entrada-mezquita-catedral-de-cordoba-600x403.webp\",\"nectar_small_square\":\"https:\\\/\\\/laalmuniaapartments.es\\\/wp-content\\\/uploads\\\/2025\\\/03\\\/entrada-mezquita-catedral-de-cordoba-140x140.webp\",\"portfolio-thumb_large\":\"https:\\\/\\\/laalmuniaapartments.es\\\/wp-content\\\/uploads\\\/2025\\\/03\\\/entrada-mezquita-catedral-de-cordoba-800x604.webp\",\"portfolio-thumb_small\":\"https:\\\/\\\/laalmuniaapartments.es\\\/wp-content\\\/uploads\\\/2025\\\/03\\\/entrada-mezquita-catedral-de-cordoba-400x269.webp\",\"portfolio-widget\":\"https:\\\/\\\/laalmuniaapartments.es\\\/wp-content\\\/uploads\\\/2025\\\/03\\\/entrada-mezquita-catedral-de-cordoba-100x100.webp\",\"wide\":\"https:\\\/\\\/laalmuniaapartments.es\\\/wp-content\\\/uploads\\\/2025\\\/03\\\/entrada-mezquita-catedral-de-cordoba-800x500.webp\",\"wide_photography\":\"https:\\\/\\\/laalmuniaapartments.es\\\/wp-content\\\/uploads\\\/2025\\\/03\\\/entrada-mezquita-catedral-de-cordoba-800x600.webp\",\"wide_small\":\"https:\\\/\\\/laalmuniaapartments.es\\\/wp-content\\\/uploads\\\/2025\\\/03\\\/entrada-mezquita-catedral-de-cordoba-670x335.webp\",\"regular\":\"https:\\\/\\\/laalmuniaapartments.es\\\/wp-content\\\/uploads\\\/2025\\\/03\\\/entrada-mezquita-catedral-de-cordoba-500x500.webp\",\"regular_small\":\"https:\\\/\\\/laalmuniaapartments.es\\\/wp-content\\\/uploads\\\/2025\\\/03\\\/entrada-mezquita-catedral-de-cordoba-350x350.webp\",\"tall\":\"https:\\\/\\\/laalmuniaapartments.es\\\/wp-content\\\/uploads\\\/2025\\\/03\\\/entrada-mezquita-catedral-de-cordoba-500x1000.webp\",\"wide_tall\":\"https:\\\/\\\/laalmuniaapartments.es\\\/wp-content\\\/uploads\\\/2025\\\/03\\\/entrada-mezquita-catedral-de-cordoba-800x1000.webp\",\"large_featured\":\"https:\\\/\\\/laalmuniaapartments.es\\\/wp-content\\\/uploads\\\/2025\\\/03\\\/entrada-mezquita-catedral-de-cordoba-800x770.webp\",\"medium_featured\":\"https:\\\/\\\/laalmuniaapartments.es\\\/wp-content\\\/uploads\\\/2025\\\/03\\\/entrada-mezquita-catedral-de-cordoba-800x800.webp\",\"full\":\"https:\\\/\\\/laalmuniaapartments.es\\\/wp-content\\\/uploads\\\/2025\\\/03\\\/entrada-mezquita-catedral-de-cordoba.webp\",\"index\":4,\"id\":987,\"video\":false,\"opts\":{\"caption\":\"\",\"thumb\":\"https:\\\/\\\/laalmuniaapartments.es\\\/wp-content\\\/uploads\\\/2025\\\/03\\\/entrada-mezquita-catedral-de-cordoba-75x50_c.webp\",\"title\":\"entrada-mezquita-catedral-de-cordoba\"},\"gallery_id\":\"982\"},{\"status\":\"active\",\"src\":\"https:\\\/\\\/laalmuniaapartments.es\\\/wp-content\\\/uploads\\\/2025\\\/03\\\/entrada-mezquita-de-cordoba.webp\",\"title\":\"entrada-mezquita-de-cordoba\",\"link\":\"https:\\\/\\\/laalmuniaapartments.es\\\/wp-content\\\/uploads\\\/2025\\\/03\\\/entrada-mezquita-de-cordoba.webp\",\"alt\":\"entrada-mezquita-de-cordoba\",\"caption\":false,\"thumb\":\"https:\\\/\\\/laalmuniaapartments.es\\\/wp-content\\\/uploads\\\/2025\\\/03\\\/entrada-mezquita-de-cordoba-75x50_c.webp\",\"meta\":{\"aperture\":null,\"credit\":null,\"camera\":null,\"caption\":\"\",\"created_timestamp\":null,\"copyright\":null,\"focal_length\":null,\"iso\":null,\"shutter_speed\":null,\"title\":\"\",\"orientation\":null,\"keywords\":null,\"resized_images\":null},\"thumbnail\":\"https:\\\/\\\/laalmuniaapartments.es\\\/wp-content\\\/uploads\\\/2025\\\/03\\\/entrada-mezquita-de-cordoba-150x150.webp\",\"medium\":\"https:\\\/\\\/laalmuniaapartments.es\\\/wp-content\\\/uploads\\\/2025\\\/03\\\/entrada-mezquita-de-cordoba-169x300.webp\",\"medium_large\":\"https:\\\/\\\/laalmuniaapartments.es\\\/wp-content\\\/uploads\\\/2025\\\/03\\\/entrada-mezquita-de-cordoba.webp\",\"large\":\"https:\\\/\\\/laalmuniaapartments.es\\\/wp-content\\\/uploads\\\/2025\\\/03\\\/entrada-mezquita-de-cordoba-575x1024.webp\",\"1536x1536\":\"https:\\\/\\\/laalmuniaapartments.es\\\/wp-content\\\/uploads\\\/2025\\\/03\\\/entrada-mezquita-de-cordoba.webp\",\"2048x2048\":\"https:\\\/\\\/laalmuniaapartments.es\\\/wp-content\\\/uploads\\\/2025\\\/03\\\/entrada-mezquita-de-cordoba.webp\",\"trp-custom-language-flag\":\"https:\\\/\\\/laalmuniaapartments.es\\\/wp-content\\\/uploads\\\/2025\\\/03\\\/entrada-mezquita-de-cordoba-7x12.webp\",\"portfolio-thumb\":\"https:\\\/\\\/laalmuniaapartments.es\\\/wp-content\\\/uploads\\\/2025\\\/03\\\/entrada-mezquita-de-cordoba-600x403.webp\",\"nectar_small_square\":\"https:\\\/\\\/laalmuniaapartments.es\\\/wp-content\\\/uploads\\\/2025\\\/03\\\/entrada-mezquita-de-cordoba-140x140.webp\",\"portfolio-thumb_large\":\"https:\\\/\\\/laalmuniaapartments.es\\\/wp-content\\\/uploads\\\/2025\\\/03\\\/entrada-mezquita-de-cordoba-674x604.webp\",\"portfolio-thumb_small\":\"https:\\\/\\\/laalmuniaapartments.es\\\/wp-content\\\/uploads\\\/2025\\\/03\\\/entrada-mezquita-de-cordoba-400x269.webp\",\"portfolio-widget\":\"https:\\\/\\\/laalmuniaapartments.es\\\/wp-content\\\/uploads\\\/2025\\\/03\\\/entrada-mezquita-de-cordoba-100x100.webp\",\"wide\":\"https:\\\/\\\/laalmuniaapartments.es\\\/wp-content\\\/uploads\\\/2025\\\/03\\\/entrada-mezquita-de-cordoba-674x500.webp\",\"wide_photography\":\"https:\\\/\\\/laalmuniaapartments.es\\\/wp-content\\\/uploads\\\/2025\\\/03\\\/entrada-mezquita-de-cordoba-674x600.webp\",\"wide_small\":\"https:\\\/\\\/laalmuniaapartments.es\\\/wp-content\\\/uploads\\\/2025\\\/03\\\/entrada-mezquita-de-cordoba-670x335.webp\",\"regular\":\"https:\\\/\\\/laalmuniaapartments.es\\\/wp-content\\\/uploads\\\/2025\\\/03\\\/entrada-mezquita-de-cordoba-500x500.webp\",\"regular_small\":\"https:\\\/\\\/laalmuniaapartments.es\\\/wp-content\\\/uploads\\\/2025\\\/03\\\/entrada-mezquita-de-cordoba-350x350.webp\",\"tall\":\"https:\\\/\\\/laalmuniaapartments.es\\\/wp-content\\\/uploads\\\/2025\\\/03\\\/entrada-mezquita-de-cordoba-500x1000.webp\",\"wide_tall\":\"https:\\\/\\\/laalmuniaapartments.es\\\/wp-content\\\/uploads\\\/2025\\\/03\\\/entrada-mezquita-de-cordoba-674x1000.webp\",\"large_featured\":\"https:\\\/\\\/laalmuniaapartments.es\\\/wp-content\\\/uploads\\\/2025\\\/03\\\/entrada-mezquita-de-cordoba-674x770.webp\",\"medium_featured\":\"https:\\\/\\\/laalmuniaapartments.es\\\/wp-content\\\/uploads\\\/2025\\\/03\\\/entrada-mezquita-de-cordoba-674x800.webp\",\"full\":\"https:\\\/\\\/laalmuniaapartments.es\\\/wp-content\\\/uploads\\\/2025\\\/03\\\/entrada-mezquita-de-cordoba.webp\",\"index\":5,\"id\":988,\"video\":false,\"opts\":{\"caption\":\"\",\"thumb\":\"https:\\\/\\\/laalmuniaapartments.es\\\/wp-content\\\/uploads\\\/2025\\\/03\\\/entrada-mezquita-de-cordoba-75x50_c.webp\",\"title\":\"entrada-mezquita-de-cordoba\"},\"gallery_id\":\"982\"},{\"status\":\"active\",\"src\":\"https:\\\/\\\/laalmuniaapartments.es\\\/wp-content\\\/uploads\\\/2025\\\/03\\\/exterior-mezquita-catedral-de-cordoba-puerta.webp\",\"title\":\"exterior-mezquita-catedral-de-cordoba-puerta\",\"link\":\"https:\\\/\\\/laalmuniaapartments.es\\\/wp-content\\\/uploads\\\/2025\\\/03\\\/exterior-mezquita-catedral-de-cordoba-puerta.webp\",\"alt\":\"exterior-mezquita-catedral-de-cordoba-puerta\",\"caption\":false,\"thumb\":\"https:\\\/\\\/laalmuniaapartments.es\\\/wp-content\\\/uploads\\\/2025\\\/03\\\/exterior-mezquita-catedral-de-cordoba-puerta-75x50_c.webp\",\"meta\":{\"aperture\":null,\"credit\":null,\"camera\":null,\"caption\":\"\",\"created_timestamp\":null,\"copyright\":null,\"focal_length\":null,\"iso\":null,\"shutter_speed\":null,\"title\":\"\",\"orientation\":null,\"keywords\":null,\"resized_images\":null},\"thumbnail\":\"https:\\\/\\\/laalmuniaapartments.es\\\/wp-content\\\/uploads\\\/2025\\\/03\\\/exterior-mezquita-catedral-de-cordoba-puerta-150x150.webp\",\"medium\":\"https:\\\/\\\/laalmuniaapartments.es\\\/wp-content\\\/uploads\\\/2025\\\/03\\\/exterior-mezquita-catedral-de-cordoba-puerta-200x300.webp\",\"medium_large\":\"https:\\\/\\\/laalmuniaapartments.es\\\/wp-content\\\/uploads\\\/2025\\\/03\\\/exterior-mezquita-catedral-de-cordoba-puerta-768x1152.webp\",\"large\":\"https:\\\/\\\/laalmuniaapartments.es\\\/wp-content\\\/uploads\\\/2025\\\/03\\\/exterior-mezquita-catedral-de-cordoba-puerta-683x1024.webp\",\"1536x1536\":\"https:\\\/\\\/laalmuniaapartments.es\\\/wp-content\\\/uploads\\\/2025\\\/03\\\/exterior-mezquita-catedral-de-cordoba-puerta.webp\",\"2048x2048\":\"https:\\\/\\\/laalmuniaapartments.es\\\/wp-content\\\/uploads\\\/2025\\\/03\\\/exterior-mezquita-catedral-de-cordoba-puerta.webp\",\"trp-custom-language-flag\":\"https:\\\/\\\/laalmuniaapartments.es\\\/wp-content\\\/uploads\\\/2025\\\/03\\\/exterior-mezquita-catedral-de-cordoba-puerta-8x12.webp\",\"portfolio-thumb\":\"https:\\\/\\\/laalmuniaapartments.es\\\/wp-content\\\/uploads\\\/2025\\\/03\\\/exterior-mezquita-catedral-de-cordoba-puerta-600x403.webp\",\"nectar_small_square\":\"https:\\\/\\\/laalmuniaapartments.es\\\/wp-content\\\/uploads\\\/2025\\\/03\\\/exterior-mezquita-catedral-de-cordoba-puerta-140x140.webp\",\"portfolio-thumb_large\":\"https:\\\/\\\/laalmuniaapartments.es\\\/wp-content\\\/uploads\\\/2025\\\/03\\\/exterior-mezquita-catedral-de-cordoba-puerta-800x604.webp\",\"portfolio-thumb_small\":\"https:\\\/\\\/laalmuniaapartments.es\\\/wp-content\\\/uploads\\\/2025\\\/03\\\/exterior-mezquita-catedral-de-cordoba-puerta-400x269.webp\",\"portfolio-widget\":\"https:\\\/\\\/laalmuniaapartments.es\\\/wp-content\\\/uploads\\\/2025\\\/03\\\/exterior-mezquita-catedral-de-cordoba-puerta-100x100.webp\",\"wide\":\"https:\\\/\\\/laalmuniaapartments.es\\\/wp-content\\\/uploads\\\/2025\\\/03\\\/exterior-mezquita-catedral-de-cordoba-puerta-800x500.webp\",\"wide_photography\":\"https:\\\/\\\/laalmuniaapartments.es\\\/wp-content\\\/uploads\\\/2025\\\/03\\\/exterior-mezquita-catedral-de-cordoba-puerta-800x600.webp\",\"wide_small\":\"https:\\\/\\\/laalmuniaapartments.es\\\/wp-content\\\/uploads\\\/2025\\\/03\\\/exterior-mezquita-catedral-de-cordoba-puerta-670x335.webp\",\"regular\":\"https:\\\/\\\/laalmuniaapartments.es\\\/wp-content\\\/uploads\\\/2025\\\/03\\\/exterior-mezquita-catedral-de-cordoba-puerta-500x500.webp\",\"regular_small\":\"https:\\\/\\\/laalmuniaapartments.es\\\/wp-content\\\/uploads\\\/2025\\\/03\\\/exterior-mezquita-catedral-de-cordoba-puerta-350x350.webp\",\"tall\":\"https:\\\/\\\/laalmuniaapartments.es\\\/wp-content\\\/uploads\\\/2025\\\/03\\\/exterior-mezquita-catedral-de-cordoba-puerta-500x1000.webp\",\"wide_tall\":\"https:\\\/\\\/laalmuniaapartments.es\\\/wp-content\\\/uploads\\\/2025\\\/03\\\/exterior-mezquita-catedral-de-cordoba-puerta-800x1000.webp\",\"large_featured\":\"https:\\\/\\\/laalmuniaapartments.es\\\/wp-content\\\/uploads\\\/2025\\\/03\\\/exterior-mezquita-catedral-de-cordoba-puerta-800x770.webp\",\"medium_featured\":\"https:\\\/\\\/laalmuniaapartments.es\\\/wp-content\\\/uploads\\\/2025\\\/03\\\/exterior-mezquita-catedral-de-cordoba-puerta-800x800.webp\",\"full\":\"https:\\\/\\\/laalmuniaapartments.es\\\/wp-content\\\/uploads\\\/2025\\\/03\\\/exterior-mezquita-catedral-de-cordoba-puerta.webp\",\"index\":6,\"id\":989,\"video\":false,\"opts\":{\"caption\":\"\",\"thumb\":\"https:\\\/\\\/laalmuniaapartments.es\\\/wp-content\\\/uploads\\\/2025\\\/03\\\/exterior-mezquita-catedral-de-cordoba-puerta-75x50_c.webp\",\"title\":\"exterior-mezquita-catedral-de-cordoba-puerta\"},\"gallery_id\":\"982\"},{\"status\":\"active\",\"src\":\"https:\\\/\\\/laalmuniaapartments.es\\\/wp-content\\\/uploads\\\/2025\\\/03\\\/impresionante-imagen-interior-mezquita-catedral-de-cordoba.webp\",\"title\":\"impresionante-imagen-interior-mezquita-catedral-de-cordoba\",\"link\":\"https:\\\/\\\/laalmuniaapartments.es\\\/wp-content\\\/uploads\\\/2025\\\/03\\\/impresionante-imagen-interior-mezquita-catedral-de-cordoba.webp\",\"alt\":\"impresionante-imagen-interior-mezquita-catedral-de-cordoba\",\"caption\":false,\"thumb\":\"https:\\\/\\\/laalmuniaapartments.es\\\/wp-content\\\/uploads\\\/2025\\\/03\\\/impresionante-imagen-interior-mezquita-catedral-de-cordoba-75x50_c.webp\",\"meta\":{\"aperture\":null,\"credit\":null,\"camera\":null,\"caption\":\"\",\"created_timestamp\":null,\"copyright\":null,\"focal_length\":null,\"iso\":null,\"shutter_speed\":null,\"title\":\"\",\"orientation\":null,\"keywords\":null,\"resized_images\":null},\"thumbnail\":\"https:\\\/\\\/laalmuniaapartments.es\\\/wp-content\\\/uploads\\\/2025\\\/03\\\/impresionante-imagen-interior-mezquita-catedral-de-cordoba-150x150.webp\",\"medium\":\"https:\\\/\\\/laalmuniaapartments.es\\\/wp-content\\\/uploads\\\/2025\\\/03\\\/impresionante-imagen-interior-mezquita-catedral-de-cordoba-197x300.webp\",\"medium_large\":\"https:\\\/\\\/laalmuniaapartments.es\\\/wp-content\\\/uploads\\\/2025\\\/03\\\/impresionante-imagen-interior-mezquita-catedral-de-cordoba-768x1170.webp\",\"large\":\"https:\\\/\\\/laalmuniaapartments.es\\\/wp-content\\\/uploads\\\/2025\\\/03\\\/impresionante-imagen-interior-mezquita-catedral-de-cordoba-672x1024.webp\",\"1536x1536\":\"https:\\\/\\\/laalmuniaapartments.es\\\/wp-content\\\/uploads\\\/2025\\\/03\\\/impresionante-imagen-interior-mezquita-catedral-de-cordoba.webp\",\"2048x2048\":\"https:\\\/\\\/laalmuniaapartments.es\\\/wp-content\\\/uploads\\\/2025\\\/03\\\/impresionante-imagen-interior-mezquita-catedral-de-cordoba.webp\",\"trp-custom-language-flag\":\"https:\\\/\\\/laalmuniaapartments.es\\\/wp-content\\\/uploads\\\/2025\\\/03\\\/impresionante-imagen-interior-mezquita-catedral-de-cordoba-8x12.webp\",\"portfolio-thumb\":\"https:\\\/\\\/laalmuniaapartments.es\\\/wp-content\\\/uploads\\\/2025\\\/03\\\/impresionante-imagen-interior-mezquita-catedral-de-cordoba-600x403.webp\",\"nectar_small_square\":\"https:\\\/\\\/laalmuniaapartments.es\\\/wp-content\\\/uploads\\\/2025\\\/03\\\/impresionante-imagen-interior-mezquita-catedral-de-cordoba-140x140.webp\",\"portfolio-thumb_large\":\"https:\\\/\\\/laalmuniaapartments.es\\\/wp-content\\\/uploads\\\/2025\\\/03\\\/impresionante-imagen-interior-mezquita-catedral-de-cordoba-886x604.webp\",\"portfolio-thumb_small\":\"https:\\\/\\\/laalmuniaapartments.es\\\/wp-content\\\/uploads\\\/2025\\\/03\\\/impresionante-imagen-interior-mezquita-catedral-de-cordoba-400x269.webp\",\"portfolio-widget\":\"https:\\\/\\\/laalmuniaapartments.es\\\/wp-content\\\/uploads\\\/2025\\\/03\\\/impresionante-imagen-interior-mezquita-catedral-de-cordoba-100x100.webp\",\"wide\":\"https:\\\/\\\/laalmuniaapartments.es\\\/wp-content\\\/uploads\\\/2025\\\/03\\\/impresionante-imagen-interior-mezquita-catedral-de-cordoba-886x500.webp\",\"wide_photography\":\"https:\\\/\\\/laalmuniaapartments.es\\\/wp-content\\\/uploads\\\/2025\\\/03\\\/impresionante-imagen-interior-mezquita-catedral-de-cordoba-886x600.webp\",\"wide_small\":\"https:\\\/\\\/laalmuniaapartments.es\\\/wp-content\\\/uploads\\\/2025\\\/03\\\/impresionante-imagen-interior-mezquita-catedral-de-cordoba-670x335.webp\",\"regular\":\"https:\\\/\\\/laalmuniaapartments.es\\\/wp-content\\\/uploads\\\/2025\\\/03\\\/impresionante-imagen-interior-mezquita-catedral-de-cordoba-500x500.webp\",\"regular_small\":\"https:\\\/\\\/laalmuniaapartments.es\\\/wp-content\\\/uploads\\\/2025\\\/03\\\/impresionante-imagen-interior-mezquita-catedral-de-cordoba-350x350.webp\",\"tall\":\"https:\\\/\\\/laalmuniaapartments.es\\\/wp-content\\\/uploads\\\/2025\\\/03\\\/impresionante-imagen-interior-mezquita-catedral-de-cordoba-500x1000.webp\",\"wide_tall\":\"https:\\\/\\\/laalmuniaapartments.es\\\/wp-content\\\/uploads\\\/2025\\\/03\\\/impresionante-imagen-interior-mezquita-catedral-de-cordoba-886x1000.webp\",\"large_featured\":\"https:\\\/\\\/laalmuniaapartments.es\\\/wp-content\\\/uploads\\\/2025\\\/03\\\/impresionante-imagen-interior-mezquita-catedral-de-cordoba-886x770.webp\",\"medium_featured\":\"https:\\\/\\\/laalmuniaapartments.es\\\/wp-content\\\/uploads\\\/2025\\\/03\\\/impresionante-imagen-interior-mezquita-catedral-de-cordoba-800x800.webp\",\"full\":\"https:\\\/\\\/laalmuniaapartments.es\\\/wp-content\\\/uploads\\\/2025\\\/03\\\/impresionante-imagen-interior-mezquita-catedral-de-cordoba.webp\",\"index\":7,\"id\":990,\"video\":false,\"opts\":{\"caption\":\"\",\"thumb\":\"https:\\\/\\\/laalmuniaapartments.es\\\/wp-content\\\/uploads\\\/2025\\\/03\\\/impresionante-imagen-interior-mezquita-catedral-de-cordoba-75x50_c.webp\",\"title\":\"impresionante-imagen-interior-mezquita-catedral-de-cordoba\"},\"gallery_id\":\"982\"},{\"status\":\"active\",\"src\":\"https:\\\/\\\/laalmuniaapartments.es\\\/wp-content\\\/uploads\\\/2025\\\/03\\\/interior-catedral-cordoba.webp\",\"title\":\"interior-catedral-cordoba\",\"link\":\"https:\\\/\\\/laalmuniaapartments.es\\\/wp-content\\\/uploads\\\/2025\\\/03\\\/interior-catedral-cordoba.webp\",\"alt\":\"interior-catedral-cordoba\",\"caption\":false,\"thumb\":\"https:\\\/\\\/laalmuniaapartments.es\\\/wp-content\\\/uploads\\\/2025\\\/03\\\/interior-catedral-cordoba-75x50_c.webp\",\"meta\":{\"aperture\":null,\"credit\":null,\"camera\":null,\"caption\":\"\",\"created_timestamp\":null,\"copyright\":null,\"focal_length\":null,\"iso\":null,\"shutter_speed\":null,\"title\":\"\",\"orientation\":null,\"keywords\":null,\"resized_images\":null},\"thumbnail\":\"https:\\\/\\\/laalmuniaapartments.es\\\/wp-content\\\/uploads\\\/2025\\\/03\\\/interior-catedral-cordoba-150x150.webp\",\"medium\":\"https:\\\/\\\/laalmuniaapartments.es\\\/wp-content\\\/uploads\\\/2025\\\/03\\\/interior-catedral-cordoba-200x300.webp\",\"medium_large\":\"https:\\\/\\\/laalmuniaapartments.es\\\/wp-content\\\/uploads\\\/2025\\\/03\\\/interior-catedral-cordoba-768x1152.webp\",\"large\":\"https:\\\/\\\/laalmuniaapartments.es\\\/wp-content\\\/uploads\\\/2025\\\/03\\\/interior-catedral-cordoba-683x1024.webp\",\"1536x1536\":\"https:\\\/\\\/laalmuniaapartments.es\\\/wp-content\\\/uploads\\\/2025\\\/03\\\/interior-catedral-cordoba.webp\",\"2048x2048\":\"https:\\\/\\\/laalmuniaapartments.es\\\/wp-content\\\/uploads\\\/2025\\\/03\\\/interior-catedral-cordoba.webp\",\"trp-custom-language-flag\":\"https:\\\/\\\/laalmuniaapartments.es\\\/wp-content\\\/uploads\\\/2025\\\/03\\\/interior-catedral-cordoba-8x12.webp\",\"portfolio-thumb\":\"https:\\\/\\\/laalmuniaapartments.es\\\/wp-content\\\/uploads\\\/2025\\\/03\\\/interior-catedral-cordoba-600x403.webp\",\"nectar_small_square\":\"https:\\\/\\\/laalmuniaapartments.es\\\/wp-content\\\/uploads\\\/2025\\\/03\\\/interior-catedral-cordoba-140x140.webp\",\"portfolio-thumb_large\":\"https:\\\/\\\/laalmuniaapartments.es\\\/wp-content\\\/uploads\\\/2025\\\/03\\\/interior-catedral-cordoba-800x604.webp\",\"portfolio-thumb_small\":\"https:\\\/\\\/laalmuniaapartments.es\\\/wp-content\\\/uploads\\\/2025\\\/03\\\/interior-catedral-cordoba-400x269.webp\",\"portfolio-widget\":\"https:\\\/\\\/laalmuniaapartments.es\\\/wp-content\\\/uploads\\\/2025\\\/03\\\/interior-catedral-cordoba-100x100.webp\",\"wide\":\"https:\\\/\\\/laalmuniaapartments.es\\\/wp-content\\\/uploads\\\/2025\\\/03\\\/interior-catedral-cordoba-800x500.webp\",\"wide_photography\":\"https:\\\/\\\/laalmuniaapartments.es\\\/wp-content\\\/uploads\\\/2025\\\/03\\\/interior-catedral-cordoba-800x600.webp\",\"wide_small\":\"https:\\\/\\\/laalmuniaapartments.es\\\/wp-content\\\/uploads\\\/2025\\\/03\\\/interior-catedral-cordoba-670x335.webp\",\"regular\":\"https:\\\/\\\/laalmuniaapartments.es\\\/wp-content\\\/uploads\\\/2025\\\/03\\\/interior-catedral-cordoba-500x500.webp\",\"regular_small\":\"https:\\\/\\\/laalmuniaapartments.es\\\/wp-content\\\/uploads\\\/2025\\\/03\\\/interior-catedral-cordoba-350x350.webp\",\"tall\":\"https:\\\/\\\/laalmuniaapartments.es\\\/wp-content\\\/uploads\\\/2025\\\/03\\\/interior-catedral-cordoba-500x1000.webp\",\"wide_tall\":\"https:\\\/\\\/laalmuniaapartments.es\\\/wp-content\\\/uploads\\\/2025\\\/03\\\/interior-catedral-cordoba-800x1000.webp\",\"large_featured\":\"https:\\\/\\\/laalmuniaapartments.es\\\/wp-content\\\/uploads\\\/2025\\\/03\\\/interior-catedral-cordoba-800x770.webp\",\"medium_featured\":\"https:\\\/\\\/laalmuniaapartments.es\\\/wp-content\\\/uploads\\\/2025\\\/03\\\/interior-catedral-cordoba-800x800.webp\",\"full\":\"https:\\\/\\\/laalmuniaapartments.es\\\/wp-content\\\/uploads\\\/2025\\\/03\\\/interior-catedral-cordoba.webp\",\"index\":8,\"id\":991,\"video\":false,\"opts\":{\"caption\":\"\",\"thumb\":\"https:\\\/\\\/laalmuniaapartments.es\\\/wp-content\\\/uploads\\\/2025\\\/03\\\/interior-catedral-cordoba-75x50_c.webp\",\"title\":\"interior-catedral-cordoba\"},\"gallery_id\":\"982\"},{\"status\":\"active\",\"src\":\"https:\\\/\\\/laalmuniaapartments.es\\\/wp-content\\\/uploads\\\/2025\\\/03\\\/interior-mezquita-catedral-columnas.webp\",\"title\":\"interior-mezquita-catedral-columnas\",\"link\":\"https:\\\/\\\/laalmuniaapartments.es\\\/wp-content\\\/uploads\\\/2025\\\/03\\\/interior-mezquita-catedral-columnas.webp\",\"alt\":\"interior-mezquita-catedral-columnas\",\"caption\":false,\"thumb\":\"https:\\\/\\\/laalmuniaapartments.es\\\/wp-content\\\/uploads\\\/2025\\\/03\\\/interior-mezquita-catedral-columnas-75x50_c.webp\",\"meta\":{\"aperture\":null,\"credit\":null,\"camera\":null,\"caption\":\"\",\"created_timestamp\":null,\"copyright\":null,\"focal_length\":null,\"iso\":null,\"shutter_speed\":null,\"title\":\"\",\"orientation\":null,\"keywords\":null,\"resized_images\":null},\"thumbnail\":\"https:\\\/\\\/laalmuniaapartments.es\\\/wp-content\\\/uploads\\\/2025\\\/03\\\/interior-mezquita-catedral-columnas-150x150.webp\",\"medium\":\"https:\\\/\\\/laalmuniaapartments.es\\\/wp-content\\\/uploads\\\/2025\\\/03\\\/interior-mezquita-catedral-columnas-200x300.webp\",\"medium_large\":\"https:\\\/\\\/laalmuniaapartments.es\\\/wp-content\\\/uploads\\\/2025\\\/03\\\/interior-mezquita-catedral-columnas-768x1152.webp\",\"large\":\"https:\\\/\\\/laalmuniaapartments.es\\\/wp-content\\\/uploads\\\/2025\\\/03\\\/interior-mezquita-catedral-columnas-683x1024.webp\",\"1536x1536\":\"https:\\\/\\\/laalmuniaapartments.es\\\/wp-content\\\/uploads\\\/2025\\\/03\\\/interior-mezquita-catedral-columnas.webp\",\"2048x2048\":\"https:\\\/\\\/laalmuniaapartments.es\\\/wp-content\\\/uploads\\\/2025\\\/03\\\/interior-mezquita-catedral-columnas.webp\",\"trp-custom-language-flag\":\"https:\\\/\\\/laalmuniaapartments.es\\\/wp-content\\\/uploads\\\/2025\\\/03\\\/interior-mezquita-catedral-columnas-8x12.webp\",\"portfolio-thumb\":\"https:\\\/\\\/laalmuniaapartments.es\\\/wp-content\\\/uploads\\\/2025\\\/03\\\/interior-mezquita-catedral-columnas-600x403.webp\",\"nectar_small_square\":\"https:\\\/\\\/laalmuniaapartments.es\\\/wp-content\\\/uploads\\\/2025\\\/03\\\/interior-mezquita-catedral-columnas-140x140.webp\",\"portfolio-thumb_large\":\"https:\\\/\\\/laalmuniaapartments.es\\\/wp-content\\\/uploads\\\/2025\\\/03\\\/interior-mezquita-catedral-columnas-800x604.webp\",\"portfolio-thumb_small\":\"https:\\\/\\\/laalmuniaapartments.es\\\/wp-content\\\/uploads\\\/2025\\\/03\\\/interior-mezquita-catedral-columnas-400x269.webp\",\"portfolio-widget\":\"https:\\\/\\\/laalmuniaapartments.es\\\/wp-content\\\/uploads\\\/2025\\\/03\\\/interior-mezquita-catedral-columnas-100x100.webp\",\"wide\":\"https:\\\/\\\/laalmuniaapartments.es\\\/wp-content\\\/uploads\\\/2025\\\/03\\\/interior-mezquita-catedral-columnas-800x500.webp\",\"wide_photography\":\"https:\\\/\\\/laalmuniaapartments.es\\\/wp-content\\\/uploads\\\/2025\\\/03\\\/interior-mezquita-catedral-columnas-800x600.webp\",\"wide_small\":\"https:\\\/\\\/laalmuniaapartments.es\\\/wp-content\\\/uploads\\\/2025\\\/03\\\/interior-mezquita-catedral-columnas-670x335.webp\",\"regular\":\"https:\\\/\\\/laalmuniaapartments.es\\\/wp-content\\\/uploads\\\/2025\\\/03\\\/interior-mezquita-catedral-columnas-500x500.webp\",\"regular_small\":\"https:\\\/\\\/laalmuniaapartments.es\\\/wp-content\\\/uploads\\\/2025\\\/03\\\/interior-mezquita-catedral-columnas-350x350.webp\",\"tall\":\"https:\\\/\\\/laalmuniaapartments.es\\\/wp-content\\\/uploads\\\/2025\\\/03\\\/interior-mezquita-catedral-columnas-500x1000.webp\",\"wide_tall\":\"https:\\\/\\\/laalmuniaapartments.es\\\/wp-content\\\/uploads\\\/2025\\\/03\\\/interior-mezquita-catedral-columnas-800x1000.webp\",\"large_featured\":\"https:\\\/\\\/laalmuniaapartments.es\\\/wp-content\\\/uploads\\\/2025\\\/03\\\/interior-mezquita-catedral-columnas-800x770.webp\",\"medium_featured\":\"https:\\\/\\\/laalmuniaapartments.es\\\/wp-content\\\/uploads\\\/2025\\\/03\\\/interior-mezquita-catedral-columnas-800x800.webp\",\"full\":\"https:\\\/\\\/laalmuniaapartments.es\\\/wp-content\\\/uploads\\\/2025\\\/03\\\/interior-mezquita-catedral-columnas.webp\",\"index\":9,\"id\":992,\"video\":false,\"opts\":{\"caption\":\"\",\"thumb\":\"https:\\\/\\\/laalmuniaapartments.es\\\/wp-content\\\/uploads\\\/2025\\\/03\\\/interior-mezquita-catedral-columnas-75x50_c.webp\",\"title\":\"interior-mezquita-catedral-columnas\"},\"gallery_id\":\"982\"},{\"status\":\"active\",\"src\":\"https:\\\/\\\/laalmuniaapartments.es\\\/wp-content\\\/uploads\\\/2025\\\/03\\\/interior-mezquita-catedral-de-cordoba.webp\",\"title\":\"interior-mezquita-catedral-de-cordoba\",\"link\":\"https:\\\/\\\/laalmuniaapartments.es\\\/wp-content\\\/uploads\\\/2025\\\/03\\\/interior-mezquita-catedral-de-cordoba.webp\",\"alt\":\"interior-mezquita-catedral-de-cordoba\",\"caption\":false,\"thumb\":\"https:\\\/\\\/laalmuniaapartments.es\\\/wp-content\\\/uploads\\\/2025\\\/03\\\/interior-mezquita-catedral-de-cordoba-75x50_c.webp\",\"meta\":{\"aperture\":null,\"credit\":null,\"camera\":null,\"caption\":\"\",\"created_timestamp\":null,\"copyright\":null,\"focal_length\":null,\"iso\":null,\"shutter_speed\":null,\"title\":\"\",\"orientation\":null,\"keywords\":null,\"resized_images\":null},\"thumbnail\":\"https:\\\/\\\/laalmuniaapartments.es\\\/wp-content\\\/uploads\\\/2025\\\/03\\\/interior-mezquita-catedral-de-cordoba-150x150.webp\",\"medium\":\"https:\\\/\\\/laalmuniaapartments.es\\\/wp-content\\\/uploads\\\/2025\\\/03\\\/interior-mezquita-catedral-de-cordoba-200x300.webp\",\"medium_large\":\"https:\\\/\\\/laalmuniaapartments.es\\\/wp-content\\\/uploads\\\/2025\\\/03\\\/interior-mezquita-catedral-de-cordoba-768x1152.webp\",\"large\":\"https:\\\/\\\/laalmuniaapartments.es\\\/wp-content\\\/uploads\\\/2025\\\/03\\\/interior-mezquita-catedral-de-cordoba-683x1024.webp\",\"1536x1536\":\"https:\\\/\\\/laalmuniaapartments.es\\\/wp-content\\\/uploads\\\/2025\\\/03\\\/interior-mezquita-catedral-de-cordoba.webp\",\"2048x2048\":\"https:\\\/\\\/laalmuniaapartments.es\\\/wp-content\\\/uploads\\\/2025\\\/03\\\/interior-mezquita-catedral-de-cordoba.webp\",\"trp-custom-language-flag\":\"https:\\\/\\\/laalmuniaapartments.es\\\/wp-content\\\/uploads\\\/2025\\\/03\\\/interior-mezquita-catedral-de-cordoba-8x12.webp\",\"portfolio-thumb\":\"https:\\\/\\\/laalmuniaapartments.es\\\/wp-content\\\/uploads\\\/2025\\\/03\\\/interior-mezquita-catedral-de-cordoba-600x403.webp\",\"nectar_small_square\":\"https:\\\/\\\/laalmuniaapartments.es\\\/wp-content\\\/uploads\\\/2025\\\/03\\\/interior-mezquita-catedral-de-cordoba-140x140.webp\",\"portfolio-thumb_large\":\"https:\\\/\\\/laalmuniaapartments.es\\\/wp-content\\\/uploads\\\/2025\\\/03\\\/interior-mezquita-catedral-de-cordoba-900x604.webp\",\"portfolio-thumb_small\":\"https:\\\/\\\/laalmuniaapartments.es\\\/wp-content\\\/uploads\\\/2025\\\/03\\\/interior-mezquita-catedral-de-cordoba-400x269.webp\",\"portfolio-widget\":\"https:\\\/\\\/laalmuniaapartments.es\\\/wp-content\\\/uploads\\\/2025\\\/03\\\/interior-mezquita-catedral-de-cordoba-100x100.webp\",\"wide\":\"https:\\\/\\\/laalmuniaapartments.es\\\/wp-content\\\/uploads\\\/2025\\\/03\\\/interior-mezquita-catedral-de-cordoba-900x500.webp\",\"wide_photography\":\"https:\\\/\\\/laalmuniaapartments.es\\\/wp-content\\\/uploads\\\/2025\\\/03\\\/interior-mezquita-catedral-de-cordoba-900x600.webp\",\"wide_small\":\"https:\\\/\\\/laalmuniaapartments.es\\\/wp-content\\\/uploads\\\/2025\\\/03\\\/interior-mezquita-catedral-de-cordoba-670x335.webp\",\"regular\":\"https:\\\/\\\/laalmuniaapartments.es\\\/wp-content\\\/uploads\\\/2025\\\/03\\\/interior-mezquita-catedral-de-cordoba-500x500.webp\",\"regular_small\":\"https:\\\/\\\/laalmuniaapartments.es\\\/wp-content\\\/uploads\\\/2025\\\/03\\\/interior-mezquita-catedral-de-cordoba-350x350.webp\",\"tall\":\"https:\\\/\\\/laalmuniaapartments.es\\\/wp-content\\\/uploads\\\/2025\\\/03\\\/interior-mezquita-catedral-de-cordoba-500x1000.webp\",\"wide_tall\":\"https:\\\/\\\/laalmuniaapartments.es\\\/wp-content\\\/uploads\\\/2025\\\/03\\\/interior-mezquita-catedral-de-cordoba-900x1000.webp\",\"large_featured\":\"https:\\\/\\\/laalmuniaapartments.es\\\/wp-content\\\/uploads\\\/2025\\\/03\\\/interior-mezquita-catedral-de-cordoba-900x770.webp\",\"medium_featured\":\"https:\\\/\\\/laalmuniaapartments.es\\\/wp-content\\\/uploads\\\/2025\\\/03\\\/interior-mezquita-catedral-de-cordoba-800x800.webp\",\"full\":\"https:\\\/\\\/laalmuniaapartments.es\\\/wp-content\\\/uploads\\\/2025\\\/03\\\/interior-mezquita-catedral-de-cordoba.webp\",\"index\":10,\"id\":993,\"video\":false,\"opts\":{\"caption\":\"\",\"thumb\":\"https:\\\/\\\/laalmuniaapartments.es\\\/wp-content\\\/uploads\\\/2025\\\/03\\\/interior-mezquita-catedral-de-cordoba-75x50_c.webp\",\"title\":\"interior-mezquita-catedral-de-cordoba\"},\"gallery_id\":\"982\"},{\"status\":\"active\",\"src\":\"https:\\\/\\\/laalmuniaapartments.es\\\/wp-content\\\/uploads\\\/2025\\\/03\\\/precio-entradas-mezquita-catedral-de-cordoba.webp\",\"title\":\"precio-entradas-mezquita-catedral-de-cordoba\",\"link\":\"https:\\\/\\\/laalmuniaapartments.es\\\/wp-content\\\/uploads\\\/2025\\\/03\\\/precio-entradas-mezquita-catedral-de-cordoba.webp\",\"alt\":\"precio-entradas-mezquita-catedral-de-cordoba\",\"caption\":false,\"thumb\":\"https:\\\/\\\/laalmuniaapartments.es\\\/wp-content\\\/uploads\\\/2025\\\/03\\\/precio-entradas-mezquita-catedral-de-cordoba-75x50_c.webp\",\"meta\":{\"aperture\":null,\"credit\":null,\"camera\":null,\"caption\":\"\",\"created_timestamp\":null,\"copyright\":null,\"focal_length\":null,\"iso\":null,\"shutter_speed\":null,\"title\":\"\",\"orientation\":null,\"keywords\":null,\"resized_images\":null},\"thumbnail\":\"https:\\\/\\\/laalmuniaapartments.es\\\/wp-content\\\/uploads\\\/2025\\\/03\\\/precio-entradas-mezquita-catedral-de-cordoba-150x150.webp\",\"medium\":\"https:\\\/\\\/laalmuniaapartments.es\\\/wp-content\\\/uploads\\\/2025\\\/03\\\/precio-entradas-mezquita-catedral-de-cordoba-200x300.webp\",\"medium_large\":\"https:\\\/\\\/laalmuniaapartments.es\\\/wp-content\\\/uploads\\\/2025\\\/03\\\/precio-entradas-mezquita-catedral-de-cordoba-768x1152.webp\",\"large\":\"https:\\\/\\\/laalmuniaapartments.es\\\/wp-content\\\/uploads\\\/2025\\\/03\\\/precio-entradas-mezquita-catedral-de-cordoba-683x1024.webp\",\"1536x1536\":\"https:\\\/\\\/laalmuniaapartments.es\\\/wp-content\\\/uploads\\\/2025\\\/03\\\/precio-entradas-mezquita-catedral-de-cordoba.webp\",\"2048x2048\":\"https:\\\/\\\/laalmuniaapartments.es\\\/wp-content\\\/uploads\\\/2025\\\/03\\\/precio-entradas-mezquita-catedral-de-cordoba.webp\",\"trp-custom-language-flag\":\"https:\\\/\\\/laalmuniaapartments.es\\\/wp-content\\\/uploads\\\/2025\\\/03\\\/precio-entradas-mezquita-catedral-de-cordoba-8x12.webp\",\"portfolio-thumb\":\"https:\\\/\\\/laalmuniaapartments.es\\\/wp-content\\\/uploads\\\/2025\\\/03\\\/precio-entradas-mezquita-catedral-de-cordoba-600x403.webp\",\"nectar_small_square\":\"https:\\\/\\\/laalmuniaapartments.es\\\/wp-content\\\/uploads\\\/2025\\\/03\\\/precio-entradas-mezquita-catedral-de-cordoba-140x140.webp\",\"portfolio-thumb_large\":\"https:\\\/\\\/laalmuniaapartments.es\\\/wp-content\\\/uploads\\\/2025\\\/03\\\/precio-entradas-mezquita-catedral-de-cordoba-900x604.webp\",\"portfolio-thumb_small\":\"https:\\\/\\\/laalmuniaapartments.es\\\/wp-content\\\/uploads\\\/2025\\\/03\\\/precio-entradas-mezquita-catedral-de-cordoba-400x269.webp\",\"portfolio-widget\":\"https:\\\/\\\/laalmuniaapartments.es\\\/wp-content\\\/uploads\\\/2025\\\/03\\\/precio-entradas-mezquita-catedral-de-cordoba-100x100.webp\",\"wide\":\"https:\\\/\\\/laalmuniaapartments.es\\\/wp-content\\\/uploads\\\/2025\\\/03\\\/precio-entradas-mezquita-catedral-de-cordoba-900x500.webp\",\"wide_photography\":\"https:\\\/\\\/laalmuniaapartments.es\\\/wp-content\\\/uploads\\\/2025\\\/03\\\/precio-entradas-mezquita-catedral-de-cordoba-900x600.webp\",\"wide_small\":\"https:\\\/\\\/laalmuniaapartments.es\\\/wp-content\\\/uploads\\\/2025\\\/03\\\/precio-entradas-mezquita-catedral-de-cordoba-670x335.webp\",\"regular\":\"https:\\\/\\\/laalmuniaapartments.es\\\/wp-content\\\/uploads\\\/2025\\\/03\\\/precio-entradas-mezquita-catedral-de-cordoba-500x500.webp\",\"regular_small\":\"https:\\\/\\\/laalmuniaapartments.es\\\/wp-content\\\/uploads\\\/2025\\\/03\\\/precio-entradas-mezquita-catedral-de-cordoba-350x350.webp\",\"tall\":\"https:\\\/\\\/laalmuniaapartments.es\\\/wp-content\\\/uploads\\\/2025\\\/03\\\/precio-entradas-mezquita-catedral-de-cordoba-500x1000.webp\",\"wide_tall\":\"https:\\\/\\\/laalmuniaapartments.es\\\/wp-content\\\/uploads\\\/2025\\\/03\\\/precio-entradas-mezquita-catedral-de-cordoba-900x1000.webp\",\"large_featured\":\"https:\\\/\\\/laalmuniaapartments.es\\\/wp-content\\\/uploads\\\/2025\\\/03\\\/precio-entradas-mezquita-catedral-de-cordoba-900x770.webp\",\"medium_featured\":\"https:\\\/\\\/laalmuniaapartments.es\\\/wp-content\\\/uploads\\\/2025\\\/03\\\/precio-entradas-mezquita-catedral-de-cordoba-800x800.webp\",\"full\":\"https:\\\/\\\/laalmuniaapartments.es\\\/wp-content\\\/uploads\\\/2025\\\/03\\\/precio-entradas-mezquita-catedral-de-cordoba.webp\",\"index\":11,\"id\":994,\"video\":false,\"opts\":{\"caption\":\"\",\"thumb\":\"https:\\\/\\\/laalmuniaapartments.es\\\/wp-content\\\/uploads\\\/2025\\\/03\\\/precio-entradas-mezquita-catedral-de-cordoba-75x50_c.webp\",\"title\":\"precio-entradas-mezquita-catedral-de-cordoba\"},\"gallery_id\":\"982\"},{\"status\":\"active\",\"src\":\"https:\\\/\\\/laalmuniaapartments.es\\\/wp-content\\\/uploads\\\/2025\\\/03\\\/puerta-dorada-mezquita-catedral.webp\",\"title\":\"puerta-dorada-mezquita-catedral\",\"link\":\"https:\\\/\\\/laalmuniaapartments.es\\\/wp-content\\\/uploads\\\/2025\\\/03\\\/puerta-dorada-mezquita-catedral.webp\",\"alt\":\"puerta-dorada-mezquita-catedral\",\"caption\":false,\"thumb\":\"https:\\\/\\\/laalmuniaapartments.es\\\/wp-content\\\/uploads\\\/2025\\\/03\\\/puerta-dorada-mezquita-catedral-75x50_c.webp\",\"meta\":{\"aperture\":null,\"credit\":null,\"camera\":null,\"caption\":\"\",\"created_timestamp\":null,\"copyright\":null,\"focal_length\":null,\"iso\":null,\"shutter_speed\":null,\"title\":\"\",\"orientation\":null,\"keywords\":null,\"resized_images\":null},\"thumbnail\":\"https:\\\/\\\/laalmuniaapartments.es\\\/wp-content\\\/uploads\\\/2025\\\/03\\\/puerta-dorada-mezquita-catedral-150x150.webp\",\"medium\":\"https:\\\/\\\/laalmuniaapartments.es\\\/wp-content\\\/uploads\\\/2025\\\/03\\\/puerta-dorada-mezquita-catedral-187x300.webp\",\"medium_large\":\"https:\\\/\\\/laalmuniaapartments.es\\\/wp-content\\\/uploads\\\/2025\\\/03\\\/puerta-dorada-mezquita-catedral-768x1233.webp\",\"large\":\"https:\\\/\\\/laalmuniaapartments.es\\\/wp-content\\\/uploads\\\/2025\\\/03\\\/puerta-dorada-mezquita-catedral-638x1024.webp\",\"1536x1536\":\"https:\\\/\\\/laalmuniaapartments.es\\\/wp-content\\\/uploads\\\/2025\\\/03\\\/puerta-dorada-mezquita-catedral.webp\",\"2048x2048\":\"https:\\\/\\\/laalmuniaapartments.es\\\/wp-content\\\/uploads\\\/2025\\\/03\\\/puerta-dorada-mezquita-catedral.webp\",\"trp-custom-language-flag\":\"https:\\\/\\\/laalmuniaapartments.es\\\/wp-content\\\/uploads\\\/2025\\\/03\\\/puerta-dorada-mezquita-catedral-7x12.webp\",\"portfolio-thumb\":\"https:\\\/\\\/laalmuniaapartments.es\\\/wp-content\\\/uploads\\\/2025\\\/03\\\/puerta-dorada-mezquita-catedral-600x403.webp\",\"nectar_small_square\":\"https:\\\/\\\/laalmuniaapartments.es\\\/wp-content\\\/uploads\\\/2025\\\/03\\\/puerta-dorada-mezquita-catedral-140x140.webp\",\"portfolio-thumb_large\":\"https:\\\/\\\/laalmuniaapartments.es\\\/wp-content\\\/uploads\\\/2025\\\/03\\\/puerta-dorada-mezquita-catedral-900x604.webp\",\"portfolio-thumb_small\":\"https:\\\/\\\/laalmuniaapartments.es\\\/wp-content\\\/uploads\\\/2025\\\/03\\\/puerta-dorada-mezquita-catedral-400x269.webp\",\"portfolio-widget\":\"https:\\\/\\\/laalmuniaapartments.es\\\/wp-content\\\/uploads\\\/2025\\\/03\\\/puerta-dorada-mezquita-catedral-100x100.webp\",\"wide\":\"https:\\\/\\\/laalmuniaapartments.es\\\/wp-content\\\/uploads\\\/2025\\\/03\\\/puerta-dorada-mezquita-catedral-900x500.webp\",\"wide_photography\":\"https:\\\/\\\/laalmuniaapartments.es\\\/wp-content\\\/uploads\\\/2025\\\/03\\\/puerta-dorada-mezquita-catedral-900x600.webp\",\"wide_small\":\"https:\\\/\\\/laalmuniaapartments.es\\\/wp-content\\\/uploads\\\/2025\\\/03\\\/puerta-dorada-mezquita-catedral-670x335.webp\",\"regular\":\"https:\\\/\\\/laalmuniaapartments.es\\\/wp-content\\\/uploads\\\/2025\\\/03\\\/puerta-dorada-mezquita-catedral-500x500.webp\",\"regular_small\":\"https:\\\/\\\/laalmuniaapartments.es\\\/wp-content\\\/uploads\\\/2025\\\/03\\\/puerta-dorada-mezquita-catedral-350x350.webp\",\"tall\":\"https:\\\/\\\/laalmuniaapartments.es\\\/wp-content\\\/uploads\\\/2025\\\/03\\\/puerta-dorada-mezquita-catedral-500x1000.webp\",\"wide_tall\":\"https:\\\/\\\/laalmuniaapartments.es\\\/wp-content\\\/uploads\\\/2025\\\/03\\\/puerta-dorada-mezquita-catedral-900x1000.webp\",\"large_featured\":\"https:\\\/\\\/laalmuniaapartments.es\\\/wp-content\\\/uploads\\\/2025\\\/03\\\/puerta-dorada-mezquita-catedral-900x770.webp\",\"medium_featured\":\"https:\\\/\\\/laalmuniaapartments.es\\\/wp-content\\\/uploads\\\/2025\\\/03\\\/puerta-dorada-mezquita-catedral-800x800.webp\",\"full\":\"https:\\\/\\\/laalmuniaapartments.es\\\/wp-content\\\/uploads\\\/2025\\\/03\\\/puerta-dorada-mezquita-catedral.webp\",\"index\":12,\"id\":995,\"video\":false,\"opts\":{\"caption\":\"\",\"thumb\":\"https:\\\/\\\/laalmuniaapartments.es\\\/wp-content\\\/uploads\\\/2025\\\/03\\\/puerta-dorada-mezquita-catedral-75x50_c.webp\",\"title\":\"puerta-dorada-mezquita-catedral\"},\"gallery_id\":\"982\"},{\"status\":\"active\",\"src\":\"https:\\\/\\\/laalmuniaapartments.es\\\/wp-content\\\/uploads\\\/2025\\\/03\\\/puerta-oscura-interior-mezquita-cordoba.webp\",\"title\":\"puerta-oscura-interior-mezquita-cordoba\",\"link\":\"https:\\\/\\\/laalmuniaapartments.es\\\/wp-content\\\/uploads\\\/2025\\\/03\\\/puerta-oscura-interior-mezquita-cordoba.webp\",\"alt\":\"puerta-oscura-interior-mezquita-cordoba\",\"caption\":false,\"thumb\":\"https:\\\/\\\/laalmuniaapartments.es\\\/wp-content\\\/uploads\\\/2025\\\/03\\\/puerta-oscura-interior-mezquita-cordoba-75x50_c.webp\",\"meta\":{\"aperture\":null,\"credit\":null,\"camera\":null,\"caption\":\"\",\"created_timestamp\":null,\"copyright\":null,\"focal_length\":null,\"iso\":null,\"shutter_speed\":null,\"title\":\"\",\"orientation\":null,\"keywords\":null,\"resized_images\":null},\"thumbnail\":\"https:\\\/\\\/laalmuniaapartments.es\\\/wp-content\\\/uploads\\\/2025\\\/03\\\/puerta-oscura-interior-mezquita-cordoba-150x150.webp\",\"medium\":\"https:\\\/\\\/laalmuniaapartments.es\\\/wp-content\\\/uploads\\\/2025\\\/03\\\/puerta-oscura-interior-mezquita-cordoba-184x300.webp\",\"medium_large\":\"https:\\\/\\\/laalmuniaapartments.es\\\/wp-content\\\/uploads\\\/2025\\\/03\\\/puerta-oscura-interior-mezquita-cordoba-768x1251.webp\",\"large\":\"https:\\\/\\\/laalmuniaapartments.es\\\/wp-content\\\/uploads\\\/2025\\\/03\\\/puerta-oscura-interior-mezquita-cordoba-629x1024.webp\",\"1536x1536\":\"https:\\\/\\\/laalmuniaapartments.es\\\/wp-content\\\/uploads\\\/2025\\\/03\\\/puerta-oscura-interior-mezquita-cordoba.webp\",\"2048x2048\":\"https:\\\/\\\/laalmuniaapartments.es\\\/wp-content\\\/uploads\\\/2025\\\/03\\\/puerta-oscura-interior-mezquita-cordoba.webp\",\"trp-custom-language-flag\":\"https:\\\/\\\/laalmuniaapartments.es\\\/wp-content\\\/uploads\\\/2025\\\/03\\\/puerta-oscura-interior-mezquita-cordoba-7x12.webp\",\"portfolio-thumb\":\"https:\\\/\\\/laalmuniaapartments.es\\\/wp-content\\\/uploads\\\/2025\\\/03\\\/puerta-oscura-interior-mezquita-cordoba-600x403.webp\",\"nectar_small_square\":\"https:\\\/\\\/laalmuniaapartments.es\\\/wp-content\\\/uploads\\\/2025\\\/03\\\/puerta-oscura-interior-mezquita-cordoba-140x140.webp\",\"portfolio-thumb_large\":\"https:\\\/\\\/laalmuniaapartments.es\\\/wp-content\\\/uploads\\\/2025\\\/03\\\/puerta-oscura-interior-mezquita-cordoba-798x604.webp\",\"portfolio-thumb_small\":\"https:\\\/\\\/laalmuniaapartments.es\\\/wp-content\\\/uploads\\\/2025\\\/03\\\/puerta-oscura-interior-mezquita-cordoba-400x269.webp\",\"portfolio-widget\":\"https:\\\/\\\/laalmuniaapartments.es\\\/wp-content\\\/uploads\\\/2025\\\/03\\\/puerta-oscura-interior-mezquita-cordoba-100x100.webp\",\"wide\":\"https:\\\/\\\/laalmuniaapartments.es\\\/wp-content\\\/uploads\\\/2025\\\/03\\\/puerta-oscura-interior-mezquita-cordoba-798x500.webp\",\"wide_photography\":\"https:\\\/\\\/laalmuniaapartments.es\\\/wp-content\\\/uploads\\\/2025\\\/03\\\/puerta-oscura-interior-mezquita-cordoba-798x600.webp\",\"wide_small\":\"https:\\\/\\\/laalmuniaapartments.es\\\/wp-content\\\/uploads\\\/2025\\\/03\\\/puerta-oscura-interior-mezquita-cordoba-670x335.webp\",\"regular\":\"https:\\\/\\\/laalmuniaapartments.es\\\/wp-content\\\/uploads\\\/2025\\\/03\\\/puerta-oscura-interior-mezquita-cordoba-500x500.webp\",\"regular_small\":\"https:\\\/\\\/laalmuniaapartments.es\\\/wp-content\\\/uploads\\\/2025\\\/03\\\/puerta-oscura-interior-mezquita-cordoba-350x350.webp\",\"tall\":\"https:\\\/\\\/laalmuniaapartments.es\\\/wp-content\\\/uploads\\\/2025\\\/03\\\/puerta-oscura-interior-mezquita-cordoba-500x1000.webp\",\"wide_tall\":\"https:\\\/\\\/laalmuniaapartments.es\\\/wp-content\\\/uploads\\\/2025\\\/03\\\/puerta-oscura-interior-mezquita-cordoba-798x1000.webp\",\"large_featured\":\"https:\\\/\\\/laalmuniaapartments.es\\\/wp-content\\\/uploads\\\/2025\\\/03\\\/puerta-oscura-interior-mezquita-cordoba-798x770.webp\",\"medium_featured\":\"https:\\\/\\\/laalmuniaapartments.es\\\/wp-content\\\/uploads\\\/2025\\\/03\\\/puerta-oscura-interior-mezquita-cordoba-798x800.webp\",\"full\":\"https:\\\/\\\/laalmuniaapartments.es\\\/wp-content\\\/uploads\\\/2025\\\/03\\\/puerta-oscura-interior-mezquita-cordoba.webp\",\"index\":13,\"id\":996,\"video\":false,\"opts\":{\"caption\":\"\",\"thumb\":\"https:\\\/\\\/laalmuniaapartments.es\\\/wp-content\\\/uploads\\\/2025\\\/03\\\/puerta-oscura-interior-mezquita-cordoba-75x50_c.webp\",\"title\":\"puerta-oscura-interior-mezquita-cordoba\"},\"gallery_id\":\"982\"}]' data-lightbox-theme='{&quot;arrows&quot;:true,&quot;margins&quot;:[120,0],&quot;gutter&quot;:&quot;100&quot;,&quot;thumbs_position&quot;:&quot;bottom&quot;,&quot;base_template&quot;:&quot;&lt;div id=\\&quot;envirabox-982\\&quot; data-envirabox-id=\\&quot;982\\&quot; class=\\&quot;envirabox-container envirabox-theme-base_dark envirabox-wrap\\&quot; role=\\&quot;dialog\\&quot;&gt;&lt;div class=\\&quot;envirabox-bg\\&quot;&gt;&lt;\\\/div&gt;&lt;div class=\\&quot;envirabox-outer\\&quot;&gt;&lt;div class=\\&quot;envirabox-inner\\&quot;&gt;&lt;div class=\\&quot;envirabox-caption-wrap\\&quot;&gt;&lt;\\\/div&gt;&lt;div class=\\&quot;envirabox-toolbar\\&quot;&gt;&lt;div class=\\&quot;envira-close-button\\&quot;&gt;&lt;a data-envirabox-close class=\\&quot;envirabox-item envirabox-close envirabox-button--close\\&quot; title=\\&quot;Close\\&quot; href=\\&quot;#\\&quot;&gt;&lt;\\\/a&gt;&lt;\\\/div&gt;&lt;\\\/div&gt;&lt;div class=\\&quot;envirabox-navigation\\&quot;&gt;&lt;a data-envirabox-prev title=\\&quot;Prev\\&quot; class=\\&quot;envirabox-arrow envirabox-arrow--left envirabox-nav envirabox-prev\\&quot; href=\\&quot;#\\&quot;&gt;&lt;span&gt;&lt;\\\/span&gt;&lt;\\\/a&gt;&lt;a data-envirabox-next title=\\&quot;Next\\&quot; class=\\&quot;envirabox-arrow envirabox-arrow--right envirabox-nav envirabox-next\\&quot; href=\\&quot;#\\&quot;&gt;&lt;span&gt;&lt;\\\/span&gt;&lt;\\\/a&gt;&lt;\\\/div&gt;&lt;div class=\\&quot;envirabox-stage\\&quot;&gt;&lt;\\\/div&gt;&lt;\\\/div&gt;&lt;\\\/div&gt;&lt;\\\/div&gt;&quot;,&quot;load_all&quot;:false,&quot;error_template&quot;:&quot;&lt;div class=\\&quot;envirabox-error\\&quot;&gt;&lt;p&gt;{{ERROR}}&lt;p&gt;&lt;\\\/div&gt;&quot;,&quot;inner_caption&quot;:false,&quot;caption_position&quot;:false,&quot;arrow_position&quot;:false,&quot;toolbar&quot;:true,&quot;infobar&quot;:false,&quot;show_smallbtn&quot;:false,&quot;idle_time&quot;:false,&quot;click_content&quot;:false,&quot;click_slide&quot;:false,&quot;click_outside&quot;:false,&quot;animation_duration&quot;:false,&quot;transition_duration&quot;:false,&quot;small_btn_template&quot;:&quot;&lt;a data-envirabox-close class=\\&quot;envirabox-item envirabox-close envirabox-button--close\\&quot; title=\\&quot;Close\\&quot; href=\\&quot;#\\&quot;&gt;&lt;\\\/a&gt;&quot;}' data-parsed-attrs='{\"id\":\"982\",\"cache\":true}'><div id=\"envira-gallery-item-983\" class=\"envira-gallery-item envira-gallery-item-1 envira-lazy-load enviratope-item\" style=\"padding-left: 5px; padding-bottom: 10px; padding-right: 5px;\"  itemscope itemtype=\"https:\/\/schema.org\/ImageObject\"><div class=\"envira-gallery-item-inner\"><div class=\"envira-gallery-position-overlay envira-gallery-top-left\"><\/div><div class=\"envira-gallery-position-overlay envira-gallery-top-right\"><\/div><div class=\"envira-gallery-position-overlay envira-gallery-bottom-left\"><\/div><div class=\"envira-gallery-position-overlay envira-gallery-bottom-right\"><\/div><a class=\"envira-gallery-982 envira-gallery-link\" href=\"https:\/\/laalmuniaapartments.es\/wp-content\/uploads\/2025\/03\/arcos-mezquita-catedral-cordoba.webp\" title=\"arcos-mezquita-catedral-cordoba\" data-caption=\"\" data-envira-item-id=\"983\" data-envira-retina=\"https:\/\/laalmuniaapartments.es\/wp-content\/uploads\/2025\/03\/arcos-mezquita-catedral-cordoba.webp\" data-thumb=\"https:\/\/laalmuniaapartments.es\/wp-content\/uploads\/2025\/03\/arcos-mezquita-catedral-cordoba-75x50_c.webp\" data-title=\"arcos-mezquita-catedral-cordoba\" data-envirabox=\"982\" itemprop=\"contentUrl\" data-><div class=\"envira-lazy\" style=\"padding-bottom: 75%;\" data-envira-changed=\"false\" data-width=\"640\" data-height=\"480\"><img loading=\"lazy\" decoding=\"async\" src=\"https:\/\/laalmuniaapartments.es\/wp-content\/uploads\/2025\/03\/arcos-mezquita-catedral-cordoba-683x1024.webp\" alt=\"arcos-mezquita-catedral-cordoba\" class=\"envira-gallery-image envira-gallery-image-1    envira-lazy\" height=\"480\" id=\"envira-gallery-image-983\" srcset=\"data:image\/gif;base64,R0lGODlhAQABAIAAAP\/\/\/\/\/\/\/yH5BAEKAAEALAAAAAABAAEAAAICTAEAOw==\" tabindex=\"-1\" title=\"arcos-mezquita-catedral-cordoba\" width=\"640\" data-caption=\"\" data-envira-gallery-id=\"982\" data-envira-index=\"0\" data-envira-item-id=\"983\" data-envira-src=\"https:\/\/laalmuniaapartments.es\/wp-content\/uploads\/2025\/03\/arcos-mezquita-catedral-cordoba-683x1024.webp\" data-envira-srcset=\"https:\/\/laalmuniaapartments.es\/wp-content\/uploads\/2025\/03\/arcos-mezquita-catedral-cordoba-683x1024.webp 400w, https:\/\/laalmuniaapartments.es\/wp-content\/uploads\/2025\/03\/arcos-mezquita-catedral-cordoba-683x1024.webp 2x\" data-title=\"arcos-mezquita-catedral-cordoba\" itemprop=\"thumbnailUrl\"  data-envirabox=\"982\" \/><\/div><\/a><div class=\"envira-gallery-captioned-data envira-gallery-captioned-data-base\"><\/div><\/div><\/div><div id=\"envira-gallery-item-984\" class=\"envira-gallery-item envira-gallery-item-2 envira-lazy-load enviratope-item\" style=\"padding-left: 5px; padding-bottom: 10px; padding-right: 5px;\"  itemscope itemtype=\"https:\/\/schema.org\/ImageObject\"><div class=\"envira-gallery-item-inner\"><div class=\"envira-gallery-position-overlay envira-gallery-top-left\"><\/div><div class=\"envira-gallery-position-overlay envira-gallery-top-right\"><\/div><div class=\"envira-gallery-position-overlay envira-gallery-bottom-left\"><\/div><div class=\"envira-gallery-position-overlay envira-gallery-bottom-right\"><\/div><a class=\"envira-gallery-982 envira-gallery-link\" href=\"https:\/\/laalmuniaapartments.es\/wp-content\/uploads\/2025\/03\/arcos-mezquita-catedral-interior.webp\" title=\"arcos-mezquita-catedral-interior\" data-caption=\"\" data-envira-item-id=\"984\" data-envira-retina=\"https:\/\/laalmuniaapartments.es\/wp-content\/uploads\/2025\/03\/arcos-mezquita-catedral-interior.webp\" data-thumb=\"https:\/\/laalmuniaapartments.es\/wp-content\/uploads\/2025\/03\/arcos-mezquita-catedral-interior-75x50_c.webp\" data-title=\"arcos-mezquita-catedral-interior\" data-envirabox=\"982\" itemprop=\"contentUrl\" data-><div class=\"envira-lazy\" style=\"padding-bottom: 75%;\" data-envira-changed=\"false\" data-width=\"640\" data-height=\"480\"><img loading=\"lazy\" decoding=\"async\" src=\"https:\/\/laalmuniaapartments.es\/wp-content\/uploads\/2025\/03\/arcos-mezquita-catedral-interior-1024x683.webp\" alt=\"arcos-mezquita-catedral-interior\" class=\"envira-gallery-image envira-gallery-image-2    envira-lazy\" height=\"480\" id=\"envira-gallery-image-984\" srcset=\"data:image\/gif;base64,R0lGODlhAQABAIAAAP\/\/\/\/\/\/\/yH5BAEKAAEALAAAAAABAAEAAAICTAEAOw==\" tabindex=\"-1\" title=\"arcos-mezquita-catedral-interior\" width=\"640\" data-caption=\"\" data-envira-gallery-id=\"982\" data-envira-index=\"1\" data-envira-item-id=\"984\" data-envira-src=\"https:\/\/laalmuniaapartments.es\/wp-content\/uploads\/2025\/03\/arcos-mezquita-catedral-interior-1024x683.webp\" data-envira-srcset=\"https:\/\/laalmuniaapartments.es\/wp-content\/uploads\/2025\/03\/arcos-mezquita-catedral-interior-1024x683.webp 400w, https:\/\/laalmuniaapartments.es\/wp-content\/uploads\/2025\/03\/arcos-mezquita-catedral-interior-1024x683.webp 2x\" data-title=\"arcos-mezquita-catedral-interior\" itemprop=\"thumbnailUrl\"  data-envirabox=\"982\" \/><\/div><\/a><div class=\"envira-gallery-captioned-data envira-gallery-captioned-data-base\"><\/div><\/div><\/div><div id=\"envira-gallery-item-985\" class=\"envira-gallery-item envira-gallery-item-3 envira-lazy-load enviratope-item\" style=\"padding-left: 5px; padding-bottom: 10px; padding-right: 5px;\"  itemscope itemtype=\"https:\/\/schema.org\/ImageObject\"><div class=\"envira-gallery-item-inner\"><div class=\"envira-gallery-position-overlay envira-gallery-top-left\"><\/div><div class=\"envira-gallery-position-overlay envira-gallery-top-right\"><\/div><div class=\"envira-gallery-position-overlay envira-gallery-bottom-left\"><\/div><div class=\"envira-gallery-position-overlay envira-gallery-bottom-right\"><\/div><a class=\"envira-gallery-982 envira-gallery-link\" href=\"https:\/\/laalmuniaapartments.es\/wp-content\/uploads\/2025\/03\/como-visitar-la-mezquita-catedral-de-cordoba.webp\" title=\"como-visitar-la-mezquita-catedral-de-cordoba\" data-caption=\"\" data-envira-item-id=\"985\" data-envira-retina=\"https:\/\/laalmuniaapartments.es\/wp-content\/uploads\/2025\/03\/como-visitar-la-mezquita-catedral-de-cordoba.webp\" data-thumb=\"https:\/\/laalmuniaapartments.es\/wp-content\/uploads\/2025\/03\/como-visitar-la-mezquita-catedral-de-cordoba-75x50_c.webp\" data-title=\"como-visitar-la-mezquita-catedral-de-cordoba\" data-envirabox=\"982\" itemprop=\"contentUrl\" data-><div class=\"envira-lazy\" style=\"padding-bottom: 75%;\" data-envira-changed=\"false\" data-width=\"640\" data-height=\"480\"><img loading=\"lazy\" decoding=\"async\" src=\"https:\/\/laalmuniaapartments.es\/wp-content\/uploads\/2025\/03\/como-visitar-la-mezquita-catedral-de-cordoba-1024x576.webp\" alt=\"como-visitar-la-mezquita-catedral-de-cordoba\" class=\"envira-gallery-image envira-gallery-image-3    envira-lazy\" height=\"480\" id=\"envira-gallery-image-985\" srcset=\"data:image\/gif;base64,R0lGODlhAQABAIAAAP\/\/\/\/\/\/\/yH5BAEKAAEALAAAAAABAAEAAAICTAEAOw==\" tabindex=\"-1\" title=\"como-visitar-la-mezquita-catedral-de-cordoba\" width=\"640\" data-caption=\"\" data-envira-gallery-id=\"982\" data-envira-index=\"2\" data-envira-item-id=\"985\" data-envira-src=\"https:\/\/laalmuniaapartments.es\/wp-content\/uploads\/2025\/03\/como-visitar-la-mezquita-catedral-de-cordoba-1024x576.webp\" data-envira-srcset=\"https:\/\/laalmuniaapartments.es\/wp-content\/uploads\/2025\/03\/como-visitar-la-mezquita-catedral-de-cordoba-1024x576.webp 400w, https:\/\/laalmuniaapartments.es\/wp-content\/uploads\/2025\/03\/como-visitar-la-mezquita-catedral-de-cordoba-1024x576.webp 2x\" data-title=\"como-visitar-la-mezquita-catedral-de-cordoba\" itemprop=\"thumbnailUrl\"  data-envirabox=\"982\" \/><\/div><\/a><div class=\"envira-gallery-captioned-data envira-gallery-captioned-data-base\"><\/div><\/div><\/div><div id=\"envira-gallery-item-986\" class=\"envira-gallery-item envira-gallery-item-4 envira-lazy-load enviratope-item\" style=\"padding-left: 5px; padding-bottom: 10px; padding-right: 5px;\"  itemscope itemtype=\"https:\/\/schema.org\/ImageObject\"><div class=\"envira-gallery-item-inner\"><div class=\"envira-gallery-position-overlay envira-gallery-top-left\"><\/div><div class=\"envira-gallery-position-overlay envira-gallery-top-right\"><\/div><div class=\"envira-gallery-position-overlay envira-gallery-bottom-left\"><\/div><div class=\"envira-gallery-position-overlay envira-gallery-bottom-right\"><\/div><a class=\"envira-gallery-982 envira-gallery-link\" href=\"https:\/\/laalmuniaapartments.es\/wp-content\/uploads\/2025\/03\/dorados-columnas-mezquita-catedral-de-cordoba.webp\" title=\"dorados-columnas-mezquita-catedral-de-cordoba\" data-caption=\"\" data-envira-item-id=\"986\" data-envira-retina=\"https:\/\/laalmuniaapartments.es\/wp-content\/uploads\/2025\/03\/dorados-columnas-mezquita-catedral-de-cordoba.webp\" data-thumb=\"https:\/\/laalmuniaapartments.es\/wp-content\/uploads\/2025\/03\/dorados-columnas-mezquita-catedral-de-cordoba-75x50_c.webp\" data-title=\"dorados-columnas-mezquita-catedral-de-cordoba\" data-envirabox=\"982\" itemprop=\"contentUrl\" data-><div class=\"envira-lazy\" style=\"padding-bottom: 75%;\" data-envira-changed=\"false\" data-width=\"640\" data-height=\"480\"><img loading=\"lazy\" decoding=\"async\" src=\"https:\/\/laalmuniaapartments.es\/wp-content\/uploads\/2025\/03\/dorados-columnas-mezquita-catedral-de-cordoba-1024x683.webp\" alt=\"dorados-columnas-mezquita-catedral-de-cordoba\" class=\"envira-gallery-image envira-gallery-image-4    envira-lazy\" height=\"480\" id=\"envira-gallery-image-986\" srcset=\"data:image\/gif;base64,R0lGODlhAQABAIAAAP\/\/\/\/\/\/\/yH5BAEKAAEALAAAAAABAAEAAAICTAEAOw==\" tabindex=\"-1\" title=\"dorados-columnas-mezquita-catedral-de-cordoba\" width=\"640\" data-caption=\"\" data-envira-gallery-id=\"982\" data-envira-index=\"3\" data-envira-item-id=\"986\" data-envira-src=\"https:\/\/laalmuniaapartments.es\/wp-content\/uploads\/2025\/03\/dorados-columnas-mezquita-catedral-de-cordoba-1024x683.webp\" data-envira-srcset=\"https:\/\/laalmuniaapartments.es\/wp-content\/uploads\/2025\/03\/dorados-columnas-mezquita-catedral-de-cordoba-1024x683.webp 400w, https:\/\/laalmuniaapartments.es\/wp-content\/uploads\/2025\/03\/dorados-columnas-mezquita-catedral-de-cordoba-1024x683.webp 2x\" data-title=\"dorados-columnas-mezquita-catedral-de-cordoba\" itemprop=\"thumbnailUrl\"  data-envirabox=\"982\" \/><\/div><\/a><div class=\"envira-gallery-captioned-data envira-gallery-captioned-data-base\"><\/div><\/div><\/div><div id=\"envira-gallery-item-987\" class=\"envira-gallery-item envira-gallery-item-5 envira-lazy-load enviratope-item\" style=\"padding-left: 5px; padding-bottom: 10px; padding-right: 5px;\"  itemscope itemtype=\"https:\/\/schema.org\/ImageObject\"><div class=\"envira-gallery-item-inner\"><div class=\"envira-gallery-position-overlay envira-gallery-top-left\"><\/div><div class=\"envira-gallery-position-overlay envira-gallery-top-right\"><\/div><div class=\"envira-gallery-position-overlay envira-gallery-bottom-left\"><\/div><div class=\"envira-gallery-position-overlay envira-gallery-bottom-right\"><\/div><a class=\"envira-gallery-982 envira-gallery-link\" href=\"https:\/\/laalmuniaapartments.es\/wp-content\/uploads\/2025\/03\/entrada-mezquita-catedral-de-cordoba.webp\" title=\"entrada-mezquita-catedral-de-cordoba\" data-caption=\"\" data-envira-item-id=\"987\" data-envira-retina=\"https:\/\/laalmuniaapartments.es\/wp-content\/uploads\/2025\/03\/entrada-mezquita-catedral-de-cordoba.webp\" data-thumb=\"https:\/\/laalmuniaapartments.es\/wp-content\/uploads\/2025\/03\/entrada-mezquita-catedral-de-cordoba-75x50_c.webp\" data-title=\"entrada-mezquita-catedral-de-cordoba\" data-envirabox=\"982\" itemprop=\"contentUrl\" data-><div class=\"envira-lazy\" style=\"padding-bottom: 75%;\" data-envira-changed=\"false\" data-width=\"640\" data-height=\"480\"><img loading=\"lazy\" decoding=\"async\" src=\"https:\/\/laalmuniaapartments.es\/wp-content\/uploads\/2025\/03\/entrada-mezquita-catedral-de-cordoba-683x1024.webp\" alt=\"entrada-mezquita-catedral-de-cordoba\" class=\"envira-gallery-image envira-gallery-image-5    envira-lazy\" height=\"480\" id=\"envira-gallery-image-987\" srcset=\"data:image\/gif;base64,R0lGODlhAQABAIAAAP\/\/\/\/\/\/\/yH5BAEKAAEALAAAAAABAAEAAAICTAEAOw==\" tabindex=\"-1\" title=\"entrada-mezquita-catedral-de-cordoba\" width=\"640\" data-caption=\"\" data-envira-gallery-id=\"982\" data-envira-index=\"4\" data-envira-item-id=\"987\" data-envira-src=\"https:\/\/laalmuniaapartments.es\/wp-content\/uploads\/2025\/03\/entrada-mezquita-catedral-de-cordoba-683x1024.webp\" data-envira-srcset=\"https:\/\/laalmuniaapartments.es\/wp-content\/uploads\/2025\/03\/entrada-mezquita-catedral-de-cordoba-683x1024.webp 400w, https:\/\/laalmuniaapartments.es\/wp-content\/uploads\/2025\/03\/entrada-mezquita-catedral-de-cordoba-683x1024.webp 2x\" data-title=\"entrada-mezquita-catedral-de-cordoba\" itemprop=\"thumbnailUrl\"  data-envirabox=\"982\" \/><\/div><\/a><div class=\"envira-gallery-captioned-data envira-gallery-captioned-data-base\"><\/div><\/div><\/div><div id=\"envira-gallery-item-988\" class=\"envira-gallery-item envira-gallery-item-6 envira-lazy-load enviratope-item\" style=\"padding-left: 5px; padding-bottom: 10px; padding-right: 5px;\"  itemscope itemtype=\"https:\/\/schema.org\/ImageObject\"><div class=\"envira-gallery-item-inner\"><div class=\"envira-gallery-position-overlay envira-gallery-top-left\"><\/div><div class=\"envira-gallery-position-overlay envira-gallery-top-right\"><\/div><div class=\"envira-gallery-position-overlay envira-gallery-bottom-left\"><\/div><div class=\"envira-gallery-position-overlay envira-gallery-bottom-right\"><\/div><a class=\"envira-gallery-982 envira-gallery-link\" href=\"https:\/\/laalmuniaapartments.es\/wp-content\/uploads\/2025\/03\/entrada-mezquita-de-cordoba.webp\" title=\"entrada-mezquita-de-cordoba\" data-caption=\"\" data-envira-item-id=\"988\" data-envira-retina=\"https:\/\/laalmuniaapartments.es\/wp-content\/uploads\/2025\/03\/entrada-mezquita-de-cordoba.webp\" data-thumb=\"https:\/\/laalmuniaapartments.es\/wp-content\/uploads\/2025\/03\/entrada-mezquita-de-cordoba-75x50_c.webp\" data-title=\"entrada-mezquita-de-cordoba\" data-envirabox=\"982\" itemprop=\"contentUrl\" data-><div class=\"envira-lazy\" style=\"padding-bottom: 75%;\" data-envira-changed=\"false\" data-width=\"640\" data-height=\"480\"><img loading=\"lazy\" decoding=\"async\" src=\"https:\/\/laalmuniaapartments.es\/wp-content\/uploads\/2025\/03\/entrada-mezquita-de-cordoba-575x1024.webp\" alt=\"entrada-mezquita-de-cordoba\" class=\"envira-gallery-image envira-gallery-image-6    envira-lazy\" height=\"480\" id=\"envira-gallery-image-988\" srcset=\"data:image\/gif;base64,R0lGODlhAQABAIAAAP\/\/\/\/\/\/\/yH5BAEKAAEALAAAAAABAAEAAAICTAEAOw==\" tabindex=\"-1\" title=\"entrada-mezquita-de-cordoba\" width=\"640\" data-caption=\"\" data-envira-gallery-id=\"982\" data-envira-index=\"5\" data-envira-item-id=\"988\" data-envira-src=\"https:\/\/laalmuniaapartments.es\/wp-content\/uploads\/2025\/03\/entrada-mezquita-de-cordoba-575x1024.webp\" data-envira-srcset=\"https:\/\/laalmuniaapartments.es\/wp-content\/uploads\/2025\/03\/entrada-mezquita-de-cordoba-575x1024.webp 400w, https:\/\/laalmuniaapartments.es\/wp-content\/uploads\/2025\/03\/entrada-mezquita-de-cordoba-575x1024.webp 2x\" data-title=\"entrada-mezquita-de-cordoba\" itemprop=\"thumbnailUrl\"  data-envirabox=\"982\" \/><\/div><\/a><div class=\"envira-gallery-captioned-data envira-gallery-captioned-data-base\"><\/div><\/div><\/div><div id=\"envira-gallery-item-989\" class=\"envira-gallery-item envira-gallery-item-7 envira-lazy-load enviratope-item\" style=\"padding-left: 5px; padding-bottom: 10px; padding-right: 5px;\"  itemscope itemtype=\"https:\/\/schema.org\/ImageObject\"><div class=\"envira-gallery-item-inner\"><div class=\"envira-gallery-position-overlay envira-gallery-top-left\"><\/div><div class=\"envira-gallery-position-overlay envira-gallery-top-right\"><\/div><div class=\"envira-gallery-position-overlay envira-gallery-bottom-left\"><\/div><div class=\"envira-gallery-position-overlay envira-gallery-bottom-right\"><\/div><a class=\"envira-gallery-982 envira-gallery-link\" href=\"https:\/\/laalmuniaapartments.es\/wp-content\/uploads\/2025\/03\/exterior-mezquita-catedral-de-cordoba-puerta.webp\" title=\"exterior-mezquita-catedral-de-cordoba-puerta\" data-caption=\"\" data-envira-item-id=\"989\" data-envira-retina=\"https:\/\/laalmuniaapartments.es\/wp-content\/uploads\/2025\/03\/exterior-mezquita-catedral-de-cordoba-puerta.webp\" data-thumb=\"https:\/\/laalmuniaapartments.es\/wp-content\/uploads\/2025\/03\/exterior-mezquita-catedral-de-cordoba-puerta-75x50_c.webp\" data-title=\"exterior-mezquita-catedral-de-cordoba-puerta\" data-envirabox=\"982\" itemprop=\"contentUrl\" data-><div class=\"envira-lazy\" style=\"padding-bottom: 75%;\" data-envira-changed=\"false\" data-width=\"640\" data-height=\"480\"><img loading=\"lazy\" decoding=\"async\" src=\"https:\/\/laalmuniaapartments.es\/wp-content\/uploads\/2025\/03\/exterior-mezquita-catedral-de-cordoba-puerta-683x1024.webp\" alt=\"exterior-mezquita-catedral-de-cordoba-puerta\" class=\"envira-gallery-image envira-gallery-image-7    envira-lazy\" height=\"480\" id=\"envira-gallery-image-989\" srcset=\"data:image\/gif;base64,R0lGODlhAQABAIAAAP\/\/\/\/\/\/\/yH5BAEKAAEALAAAAAABAAEAAAICTAEAOw==\" tabindex=\"-1\" title=\"exterior-mezquita-catedral-de-cordoba-puerta\" width=\"640\" data-caption=\"\" data-envira-gallery-id=\"982\" data-envira-index=\"6\" data-envira-item-id=\"989\" data-envira-src=\"https:\/\/laalmuniaapartments.es\/wp-content\/uploads\/2025\/03\/exterior-mezquita-catedral-de-cordoba-puerta-683x1024.webp\" data-envira-srcset=\"https:\/\/laalmuniaapartments.es\/wp-content\/uploads\/2025\/03\/exterior-mezquita-catedral-de-cordoba-puerta-683x1024.webp 400w, https:\/\/laalmuniaapartments.es\/wp-content\/uploads\/2025\/03\/exterior-mezquita-catedral-de-cordoba-puerta-683x1024.webp 2x\" data-title=\"exterior-mezquita-catedral-de-cordoba-puerta\" itemprop=\"thumbnailUrl\"  data-envirabox=\"982\" \/><\/div><\/a><div class=\"envira-gallery-captioned-data envira-gallery-captioned-data-base\"><\/div><\/div><\/div><div id=\"envira-gallery-item-990\" class=\"envira-gallery-item envira-gallery-item-8 envira-lazy-load enviratope-item\" style=\"padding-left: 5px; padding-bottom: 10px; padding-right: 5px;\"  itemscope itemtype=\"https:\/\/schema.org\/ImageObject\"><div class=\"envira-gallery-item-inner\"><div class=\"envira-gallery-position-overlay envira-gallery-top-left\"><\/div><div class=\"envira-gallery-position-overlay envira-gallery-top-right\"><\/div><div class=\"envira-gallery-position-overlay envira-gallery-bottom-left\"><\/div><div class=\"envira-gallery-position-overlay envira-gallery-bottom-right\"><\/div><a class=\"envira-gallery-982 envira-gallery-link\" href=\"https:\/\/laalmuniaapartments.es\/wp-content\/uploads\/2025\/03\/impresionante-imagen-interior-mezquita-catedral-de-cordoba.webp\" title=\"impresionante-imagen-interior-mezquita-catedral-de-cordoba\" data-caption=\"\" data-envira-item-id=\"990\" data-envira-retina=\"https:\/\/laalmuniaapartments.es\/wp-content\/uploads\/2025\/03\/impresionante-imagen-interior-mezquita-catedral-de-cordoba.webp\" data-thumb=\"https:\/\/laalmuniaapartments.es\/wp-content\/uploads\/2025\/03\/impresionante-imagen-interior-mezquita-catedral-de-cordoba-75x50_c.webp\" data-title=\"impresionante-imagen-interior-mezquita-catedral-de-cordoba\" data-envirabox=\"982\" itemprop=\"contentUrl\" data-><div class=\"envira-lazy\" style=\"padding-bottom: 75%;\" data-envira-changed=\"false\" data-width=\"640\" data-height=\"480\"><img loading=\"lazy\" decoding=\"async\" src=\"https:\/\/laalmuniaapartments.es\/wp-content\/uploads\/2025\/03\/impresionante-imagen-interior-mezquita-catedral-de-cordoba-672x1024.webp\" alt=\"impresionante-imagen-interior-mezquita-catedral-de-cordoba\" class=\"envira-gallery-image envira-gallery-image-8    envira-lazy\" height=\"480\" id=\"envira-gallery-image-990\" srcset=\"data:image\/gif;base64,R0lGODlhAQABAIAAAP\/\/\/\/\/\/\/yH5BAEKAAEALAAAAAABAAEAAAICTAEAOw==\" tabindex=\"-1\" title=\"impresionante-imagen-interior-mezquita-catedral-de-cordoba\" width=\"640\" data-caption=\"\" data-envira-gallery-id=\"982\" data-envira-index=\"7\" data-envira-item-id=\"990\" data-envira-src=\"https:\/\/laalmuniaapartments.es\/wp-content\/uploads\/2025\/03\/impresionante-imagen-interior-mezquita-catedral-de-cordoba-672x1024.webp\" data-envira-srcset=\"https:\/\/laalmuniaapartments.es\/wp-content\/uploads\/2025\/03\/impresionante-imagen-interior-mezquita-catedral-de-cordoba-672x1024.webp 400w, https:\/\/laalmuniaapartments.es\/wp-content\/uploads\/2025\/03\/impresionante-imagen-interior-mezquita-catedral-de-cordoba-672x1024.webp 2x\" data-title=\"impresionante-imagen-interior-mezquita-catedral-de-cordoba\" itemprop=\"thumbnailUrl\"  data-envirabox=\"982\" \/><\/div><\/a><div class=\"envira-gallery-captioned-data envira-gallery-captioned-data-base\"><\/div><\/div><\/div><div id=\"envira-gallery-item-991\" class=\"envira-gallery-item envira-gallery-item-9 envira-lazy-load enviratope-item\" style=\"padding-left: 5px; padding-bottom: 10px; padding-right: 5px;\"  itemscope itemtype=\"https:\/\/schema.org\/ImageObject\"><div class=\"envira-gallery-item-inner\"><div class=\"envira-gallery-position-overlay envira-gallery-top-left\"><\/div><div class=\"envira-gallery-position-overlay envira-gallery-top-right\"><\/div><div class=\"envira-gallery-position-overlay envira-gallery-bottom-left\"><\/div><div class=\"envira-gallery-position-overlay envira-gallery-bottom-right\"><\/div><a class=\"envira-gallery-982 envira-gallery-link\" href=\"https:\/\/laalmuniaapartments.es\/wp-content\/uploads\/2025\/03\/interior-catedral-cordoba.webp\" title=\"interior-catedral-cordoba\" data-caption=\"\" data-envira-item-id=\"991\" data-envira-retina=\"https:\/\/laalmuniaapartments.es\/wp-content\/uploads\/2025\/03\/interior-catedral-cordoba.webp\" data-thumb=\"https:\/\/laalmuniaapartments.es\/wp-content\/uploads\/2025\/03\/interior-catedral-cordoba-75x50_c.webp\" data-title=\"interior-catedral-cordoba\" data-envirabox=\"982\" itemprop=\"contentUrl\" data-><div class=\"envira-lazy\" style=\"padding-bottom: 75%;\" data-envira-changed=\"false\" data-width=\"640\" data-height=\"480\"><img loading=\"lazy\" decoding=\"async\" src=\"https:\/\/laalmuniaapartments.es\/wp-content\/uploads\/2025\/03\/interior-catedral-cordoba-683x1024.webp\" alt=\"interior-catedral-cordoba\" class=\"envira-gallery-image envira-gallery-image-9    envira-lazy\" height=\"480\" id=\"envira-gallery-image-991\" srcset=\"data:image\/gif;base64,R0lGODlhAQABAIAAAP\/\/\/\/\/\/\/yH5BAEKAAEALAAAAAABAAEAAAICTAEAOw==\" tabindex=\"-1\" title=\"interior-catedral-cordoba\" width=\"640\" data-caption=\"\" data-envira-gallery-id=\"982\" data-envira-index=\"8\" data-envira-item-id=\"991\" data-envira-src=\"https:\/\/laalmuniaapartments.es\/wp-content\/uploads\/2025\/03\/interior-catedral-cordoba-683x1024.webp\" data-envira-srcset=\"https:\/\/laalmuniaapartments.es\/wp-content\/uploads\/2025\/03\/interior-catedral-cordoba-683x1024.webp 400w, https:\/\/laalmuniaapartments.es\/wp-content\/uploads\/2025\/03\/interior-catedral-cordoba-683x1024.webp 2x\" data-title=\"interior-catedral-cordoba\" itemprop=\"thumbnailUrl\"  data-envirabox=\"982\" \/><\/div><\/a><div class=\"envira-gallery-captioned-data envira-gallery-captioned-data-base\"><\/div><\/div><\/div><div id=\"envira-gallery-item-992\" class=\"envira-gallery-item envira-gallery-item-10 envira-lazy-load enviratope-item\" style=\"padding-left: 5px; padding-bottom: 10px; padding-right: 5px;\"  itemscope itemtype=\"https:\/\/schema.org\/ImageObject\"><div class=\"envira-gallery-item-inner\"><div class=\"envira-gallery-position-overlay envira-gallery-top-left\"><\/div><div class=\"envira-gallery-position-overlay envira-gallery-top-right\"><\/div><div class=\"envira-gallery-position-overlay envira-gallery-bottom-left\"><\/div><div class=\"envira-gallery-position-overlay envira-gallery-bottom-right\"><\/div><a class=\"envira-gallery-982 envira-gallery-link\" href=\"https:\/\/laalmuniaapartments.es\/wp-content\/uploads\/2025\/03\/interior-mezquita-catedral-columnas.webp\" title=\"interior-mezquita-catedral-columnas\" data-caption=\"\" data-envira-item-id=\"992\" data-envira-retina=\"https:\/\/laalmuniaapartments.es\/wp-content\/uploads\/2025\/03\/interior-mezquita-catedral-columnas.webp\" data-thumb=\"https:\/\/laalmuniaapartments.es\/wp-content\/uploads\/2025\/03\/interior-mezquita-catedral-columnas-75x50_c.webp\" data-title=\"interior-mezquita-catedral-columnas\" data-envirabox=\"982\" itemprop=\"contentUrl\" data-><div class=\"envira-lazy\" style=\"padding-bottom: 75%;\" data-envira-changed=\"false\" data-width=\"640\" data-height=\"480\"><img loading=\"lazy\" decoding=\"async\" src=\"https:\/\/laalmuniaapartments.es\/wp-content\/uploads\/2025\/03\/interior-mezquita-catedral-columnas-683x1024.webp\" alt=\"interior-mezquita-catedral-columnas\" class=\"envira-gallery-image envira-gallery-image-10    envira-lazy\" height=\"480\" id=\"envira-gallery-image-992\" srcset=\"data:image\/gif;base64,R0lGODlhAQABAIAAAP\/\/\/\/\/\/\/yH5BAEKAAEALAAAAAABAAEAAAICTAEAOw==\" tabindex=\"-1\" title=\"interior-mezquita-catedral-columnas\" width=\"640\" data-caption=\"\" data-envira-gallery-id=\"982\" data-envira-index=\"9\" data-envira-item-id=\"992\" data-envira-src=\"https:\/\/laalmuniaapartments.es\/wp-content\/uploads\/2025\/03\/interior-mezquita-catedral-columnas-683x1024.webp\" data-envira-srcset=\"https:\/\/laalmuniaapartments.es\/wp-content\/uploads\/2025\/03\/interior-mezquita-catedral-columnas-683x1024.webp 400w, https:\/\/laalmuniaapartments.es\/wp-content\/uploads\/2025\/03\/interior-mezquita-catedral-columnas-683x1024.webp 2x\" data-title=\"interior-mezquita-catedral-columnas\" itemprop=\"thumbnailUrl\"  data-envirabox=\"982\" \/><\/div><\/a><div class=\"envira-gallery-captioned-data envira-gallery-captioned-data-base\"><\/div><\/div><\/div><div id=\"envira-gallery-item-993\" class=\"envira-gallery-item envira-gallery-item-11 envira-lazy-load enviratope-item\" style=\"padding-left: 5px; padding-bottom: 10px; padding-right: 5px;\"  itemscope itemtype=\"https:\/\/schema.org\/ImageObject\"><div class=\"envira-gallery-item-inner\"><div class=\"envira-gallery-position-overlay envira-gallery-top-left\"><\/div><div class=\"envira-gallery-position-overlay envira-gallery-top-right\"><\/div><div class=\"envira-gallery-position-overlay envira-gallery-bottom-left\"><\/div><div class=\"envira-gallery-position-overlay envira-gallery-bottom-right\"><\/div><a class=\"envira-gallery-982 envira-gallery-link\" href=\"https:\/\/laalmuniaapartments.es\/wp-content\/uploads\/2025\/03\/interior-mezquita-catedral-de-cordoba.webp\" title=\"interior-mezquita-catedral-de-cordoba\" data-caption=\"\" data-envira-item-id=\"993\" data-envira-retina=\"https:\/\/laalmuniaapartments.es\/wp-content\/uploads\/2025\/03\/interior-mezquita-catedral-de-cordoba.webp\" data-thumb=\"https:\/\/laalmuniaapartments.es\/wp-content\/uploads\/2025\/03\/interior-mezquita-catedral-de-cordoba-75x50_c.webp\" data-title=\"interior-mezquita-catedral-de-cordoba\" data-envirabox=\"982\" itemprop=\"contentUrl\" data-><div class=\"envira-lazy\" style=\"padding-bottom: 75%;\" data-envira-changed=\"false\" data-width=\"640\" data-height=\"480\"><img loading=\"lazy\" decoding=\"async\" src=\"https:\/\/laalmuniaapartments.es\/wp-content\/uploads\/2025\/03\/interior-mezquita-catedral-de-cordoba-683x1024.webp\" alt=\"interior-mezquita-catedral-de-cordoba\" class=\"envira-gallery-image envira-gallery-image-11    envira-lazy\" height=\"480\" id=\"envira-gallery-image-993\" srcset=\"data:image\/gif;base64,R0lGODlhAQABAIAAAP\/\/\/\/\/\/\/yH5BAEKAAEALAAAAAABAAEAAAICTAEAOw==\" tabindex=\"-1\" title=\"interior-mezquita-catedral-de-cordoba\" width=\"640\" data-caption=\"\" data-envira-gallery-id=\"982\" data-envira-index=\"10\" data-envira-item-id=\"993\" data-envira-src=\"https:\/\/laalmuniaapartments.es\/wp-content\/uploads\/2025\/03\/interior-mezquita-catedral-de-cordoba-683x1024.webp\" data-envira-srcset=\"https:\/\/laalmuniaapartments.es\/wp-content\/uploads\/2025\/03\/interior-mezquita-catedral-de-cordoba-683x1024.webp 400w, https:\/\/laalmuniaapartments.es\/wp-content\/uploads\/2025\/03\/interior-mezquita-catedral-de-cordoba-683x1024.webp 2x\" data-title=\"interior-mezquita-catedral-de-cordoba\" itemprop=\"thumbnailUrl\"  data-envirabox=\"982\" \/><\/div><\/a><div class=\"envira-gallery-captioned-data envira-gallery-captioned-data-base\"><\/div><\/div><\/div><div id=\"envira-gallery-item-994\" class=\"envira-gallery-item envira-gallery-item-12 envira-lazy-load enviratope-item\" style=\"padding-left: 5px; padding-bottom: 10px; padding-right: 5px;\"  itemscope itemtype=\"https:\/\/schema.org\/ImageObject\"><div class=\"envira-gallery-item-inner\"><div class=\"envira-gallery-position-overlay envira-gallery-top-left\"><\/div><div class=\"envira-gallery-position-overlay envira-gallery-top-right\"><\/div><div class=\"envira-gallery-position-overlay envira-gallery-bottom-left\"><\/div><div class=\"envira-gallery-position-overlay envira-gallery-bottom-right\"><\/div><a class=\"envira-gallery-982 envira-gallery-link\" href=\"https:\/\/laalmuniaapartments.es\/wp-content\/uploads\/2025\/03\/precio-entradas-mezquita-catedral-de-cordoba.webp\" title=\"precio-entradas-mezquita-catedral-de-cordoba\" data-caption=\"\" data-envira-item-id=\"994\" data-envira-retina=\"https:\/\/laalmuniaapartments.es\/wp-content\/uploads\/2025\/03\/precio-entradas-mezquita-catedral-de-cordoba.webp\" data-thumb=\"https:\/\/laalmuniaapartments.es\/wp-content\/uploads\/2025\/03\/precio-entradas-mezquita-catedral-de-cordoba-75x50_c.webp\" data-title=\"precio-entradas-mezquita-catedral-de-cordoba\" data-envirabox=\"982\" itemprop=\"contentUrl\" data-><div class=\"envira-lazy\" style=\"padding-bottom: 75%;\" data-envira-changed=\"false\" data-width=\"640\" data-height=\"480\"><img loading=\"lazy\" decoding=\"async\" src=\"https:\/\/laalmuniaapartments.es\/wp-content\/uploads\/2025\/03\/precio-entradas-mezquita-catedral-de-cordoba-683x1024.webp\" alt=\"precio-entradas-mezquita-catedral-de-cordoba\" class=\"envira-gallery-image envira-gallery-image-12    envira-lazy\" height=\"480\" id=\"envira-gallery-image-994\" srcset=\"data:image\/gif;base64,R0lGODlhAQABAIAAAP\/\/\/\/\/\/\/yH5BAEKAAEALAAAAAABAAEAAAICTAEAOw==\" tabindex=\"-1\" title=\"precio-entradas-mezquita-catedral-de-cordoba\" width=\"640\" data-caption=\"\" data-envira-gallery-id=\"982\" data-envira-index=\"11\" data-envira-item-id=\"994\" data-envira-src=\"https:\/\/laalmuniaapartments.es\/wp-content\/uploads\/2025\/03\/precio-entradas-mezquita-catedral-de-cordoba-683x1024.webp\" data-envira-srcset=\"https:\/\/laalmuniaapartments.es\/wp-content\/uploads\/2025\/03\/precio-entradas-mezquita-catedral-de-cordoba-683x1024.webp 400w, https:\/\/laalmuniaapartments.es\/wp-content\/uploads\/2025\/03\/precio-entradas-mezquita-catedral-de-cordoba-683x1024.webp 2x\" data-title=\"precio-entradas-mezquita-catedral-de-cordoba\" itemprop=\"thumbnailUrl\"  data-envirabox=\"982\" \/><\/div><\/a><div class=\"envira-gallery-captioned-data envira-gallery-captioned-data-base\"><\/div><\/div><\/div><div id=\"envira-gallery-item-995\" class=\"envira-gallery-item envira-gallery-item-13 envira-lazy-load enviratope-item\" style=\"padding-left: 5px; padding-bottom: 10px; padding-right: 5px;\"  itemscope itemtype=\"https:\/\/schema.org\/ImageObject\"><div class=\"envira-gallery-item-inner\"><div class=\"envira-gallery-position-overlay envira-gallery-top-left\"><\/div><div class=\"envira-gallery-position-overlay envira-gallery-top-right\"><\/div><div class=\"envira-gallery-position-overlay envira-gallery-bottom-left\"><\/div><div class=\"envira-gallery-position-overlay envira-gallery-bottom-right\"><\/div><a class=\"envira-gallery-982 envira-gallery-link\" href=\"https:\/\/laalmuniaapartments.es\/wp-content\/uploads\/2025\/03\/puerta-dorada-mezquita-catedral.webp\" title=\"puerta-dorada-mezquita-catedral\" data-caption=\"\" data-envira-item-id=\"995\" data-envira-retina=\"https:\/\/laalmuniaapartments.es\/wp-content\/uploads\/2025\/03\/puerta-dorada-mezquita-catedral.webp\" data-thumb=\"https:\/\/laalmuniaapartments.es\/wp-content\/uploads\/2025\/03\/puerta-dorada-mezquita-catedral-75x50_c.webp\" data-title=\"puerta-dorada-mezquita-catedral\" data-envirabox=\"982\" itemprop=\"contentUrl\" data-><div class=\"envira-lazy\" style=\"padding-bottom: 75%;\" data-envira-changed=\"false\" data-width=\"640\" data-height=\"480\"><img loading=\"lazy\" decoding=\"async\" src=\"https:\/\/laalmuniaapartments.es\/wp-content\/uploads\/2025\/03\/puerta-dorada-mezquita-catedral-638x1024.webp\" alt=\"puerta-dorada-mezquita-catedral\" class=\"envira-gallery-image envira-gallery-image-13    envira-lazy\" height=\"480\" id=\"envira-gallery-image-995\" srcset=\"data:image\/gif;base64,R0lGODlhAQABAIAAAP\/\/\/\/\/\/\/yH5BAEKAAEALAAAAAABAAEAAAICTAEAOw==\" tabindex=\"-1\" title=\"puerta-dorada-mezquita-catedral\" width=\"640\" data-caption=\"\" data-envira-gallery-id=\"982\" data-envira-index=\"12\" data-envira-item-id=\"995\" data-envira-src=\"https:\/\/laalmuniaapartments.es\/wp-content\/uploads\/2025\/03\/puerta-dorada-mezquita-catedral-638x1024.webp\" data-envira-srcset=\"https:\/\/laalmuniaapartments.es\/wp-content\/uploads\/2025\/03\/puerta-dorada-mezquita-catedral-638x1024.webp 400w, https:\/\/laalmuniaapartments.es\/wp-content\/uploads\/2025\/03\/puerta-dorada-mezquita-catedral-638x1024.webp 2x\" data-title=\"puerta-dorada-mezquita-catedral\" itemprop=\"thumbnailUrl\"  data-envirabox=\"982\" \/><\/div><\/a><div class=\"envira-gallery-captioned-data envira-gallery-captioned-data-base\"><\/div><\/div><\/div><div id=\"envira-gallery-item-996\" class=\"envira-gallery-item envira-gallery-item-14 envira-lazy-load enviratope-item\" style=\"padding-left: 5px; padding-bottom: 10px; padding-right: 5px;\"  itemscope itemtype=\"https:\/\/schema.org\/ImageObject\"><div class=\"envira-gallery-item-inner\"><div class=\"envira-gallery-position-overlay envira-gallery-top-left\"><\/div><div class=\"envira-gallery-position-overlay envira-gallery-top-right\"><\/div><div class=\"envira-gallery-position-overlay envira-gallery-bottom-left\"><\/div><div class=\"envira-gallery-position-overlay envira-gallery-bottom-right\"><\/div><a class=\"envira-gallery-982 envira-gallery-link\" href=\"https:\/\/laalmuniaapartments.es\/wp-content\/uploads\/2025\/03\/puerta-oscura-interior-mezquita-cordoba.webp\" title=\"puerta-oscura-interior-mezquita-cordoba\" data-caption=\"\" data-envira-item-id=\"996\" data-envira-retina=\"https:\/\/laalmuniaapartments.es\/wp-content\/uploads\/2025\/03\/puerta-oscura-interior-mezquita-cordoba.webp\" data-thumb=\"https:\/\/laalmuniaapartments.es\/wp-content\/uploads\/2025\/03\/puerta-oscura-interior-mezquita-cordoba-75x50_c.webp\" data-title=\"puerta-oscura-interior-mezquita-cordoba\" data-envirabox=\"982\" itemprop=\"contentUrl\" data-><div class=\"envira-lazy\" style=\"padding-bottom: 75%;\" data-envira-changed=\"false\" data-width=\"640\" data-height=\"480\"><img loading=\"lazy\" decoding=\"async\" src=\"https:\/\/laalmuniaapartments.es\/wp-content\/uploads\/2025\/03\/puerta-oscura-interior-mezquita-cordoba-629x1024.webp\" alt=\"puerta-oscura-interior-mezquita-cordoba\" class=\"envira-gallery-image envira-gallery-image-14    envira-lazy\" height=\"480\" id=\"envira-gallery-image-996\" srcset=\"data:image\/gif;base64,R0lGODlhAQABAIAAAP\/\/\/\/\/\/\/yH5BAEKAAEALAAAAAABAAEAAAICTAEAOw==\" tabindex=\"-1\" title=\"puerta-oscura-interior-mezquita-cordoba\" width=\"640\" data-caption=\"\" data-envira-gallery-id=\"982\" data-envira-index=\"13\" data-envira-item-id=\"996\" data-envira-src=\"https:\/\/laalmuniaapartments.es\/wp-content\/uploads\/2025\/03\/puerta-oscura-interior-mezquita-cordoba-629x1024.webp\" data-envira-srcset=\"https:\/\/laalmuniaapartments.es\/wp-content\/uploads\/2025\/03\/puerta-oscura-interior-mezquita-cordoba-629x1024.webp 400w, https:\/\/laalmuniaapartments.es\/wp-content\/uploads\/2025\/03\/puerta-oscura-interior-mezquita-cordoba-629x1024.webp 2x\" data-title=\"puerta-oscura-interior-mezquita-cordoba\" itemprop=\"thumbnailUrl\"  data-envirabox=\"982\" \/><\/div><\/a><div class=\"envira-gallery-captioned-data envira-gallery-captioned-data-base\"><\/div><\/div><\/div><\/div><\/div><noscript><img src='https:\/\/laalmuniaapartments.es\/wp-content\/uploads\/2025\/03\/arcos-mezquita-catedral-cordoba.webp' alt='arcos-mezquita-catedral-cordoba' class='envira_noscript_images ' \/><img src='https:\/\/laalmuniaapartments.es\/wp-content\/uploads\/2025\/03\/arcos-mezquita-catedral-interior.webp' alt='arcos-mezquita-catedral-interior' class='envira_noscript_images ' \/><img src='https:\/\/laalmuniaapartments.es\/wp-content\/uploads\/2025\/03\/como-visitar-la-mezquita-catedral-de-cordoba.webp' alt='como-visitar-la-mezquita-catedral-de-cordoba' class='envira_noscript_images ' \/><img src='https:\/\/laalmuniaapartments.es\/wp-content\/uploads\/2025\/03\/dorados-columnas-mezquita-catedral-de-cordoba.webp' alt='dorados-columnas-mezquita-catedral-de-cordoba' class='envira_noscript_images ' \/><img src='https:\/\/laalmuniaapartments.es\/wp-content\/uploads\/2025\/03\/entrada-mezquita-catedral-de-cordoba.webp' alt='entrada-mezquita-catedral-de-cordoba' class='envira_noscript_images ' \/><img src='https:\/\/laalmuniaapartments.es\/wp-content\/uploads\/2025\/03\/entrada-mezquita-de-cordoba.webp' alt='entrada-mezquita-de-cordoba' class='envira_noscript_images ' \/><img src='https:\/\/laalmuniaapartments.es\/wp-content\/uploads\/2025\/03\/exterior-mezquita-catedral-de-cordoba-puerta.webp' alt='exterior-mezquita-catedral-de-cordoba-puerta' class='envira_noscript_images ' \/><img src='https:\/\/laalmuniaapartments.es\/wp-content\/uploads\/2025\/03\/impresionante-imagen-interior-mezquita-catedral-de-cordoba.webp' alt='impresionante-imagen-interior-mezquita-catedral-de-cordoba' class='envira_noscript_images ' \/><img src='https:\/\/laalmuniaapartments.es\/wp-content\/uploads\/2025\/03\/interior-catedral-cordoba.webp' alt='interior-catedral-cordoba' class='envira_noscript_images ' \/><img src='https:\/\/laalmuniaapartments.es\/wp-content\/uploads\/2025\/03\/interior-mezquita-catedral-columnas.webp' alt='interior-mezquita-catedral-columnas' class='envira_noscript_images ' \/><img src='https:\/\/laalmuniaapartments.es\/wp-content\/uploads\/2025\/03\/interior-mezquita-catedral-de-cordoba.webp' alt='interior-mezquita-catedral-de-cordoba' class='envira_noscript_images ' \/><img src='https:\/\/laalmuniaapartments.es\/wp-content\/uploads\/2025\/03\/precio-entradas-mezquita-catedral-de-cordoba.webp' alt='precio-entradas-mezquita-catedral-de-cordoba' class='envira_noscript_images ' \/><img src='https:\/\/laalmuniaapartments.es\/wp-content\/uploads\/2025\/03\/puerta-dorada-mezquita-catedral.webp' alt='puerta-dorada-mezquita-catedral' class='envira_noscript_images ' \/><img src='https:\/\/laalmuniaapartments.es\/wp-content\/uploads\/2025\/03\/puerta-oscura-interior-mezquita-cordoba.webp' alt='puerta-oscura-interior-mezquita-cordoba' class='envira_noscript_images ' \/><\/noscript>\n\t\t<\/div>\n\t<\/div>\n\n\t\t\t<\/div> \n\t\t<\/div>\n\t<\/div> \n<\/div><\/div>\n\t\t<div id=\"fws_69f529a6d7d21\"  data-column-margin=\"90px\" data-midnight=\"dark\" data-bottom-percent=\"8%\"  class=\"wpb_row vc_row-fluid vc_row full-width-section vc_row-o-equal-height vc_row-flex vc_row-o-content-top\"  style=\"padding-top: 0px; padding-bottom: calc(100vw * 0.08); \"><div class=\"row-bg-wrap\" data-bg-animation=\"none\" data-bg-animation-delay=\"\" data-bg-overlay=\"true\"><div class=\"inner-wrap row-bg-layer\" ><div class=\"row-bg viewport-desktop\"  style=\"\"><\/div><\/div><div class=\"row-bg-overlay row-bg-layer\" style=\"background: rgba(209,151,43,0.49); background: linear-gradient(90deg,rgba(209,151,43,0.49) 0%,#ffffff 100%);  opacity: 1; \"><\/div><\/div><div class=\"row_col_wrap_12 col span_12 dark left\">\n\t<div  class=\"vc_col-sm-6 wpb_column column_container vc_column_container col padding-4-percent inherit_tablet inherit_phone \"  data-padding-pos=\"top-bottom\" data-has-bg-color=\"false\" data-bg-color=\"\" data-bg-opacity=\"1\" data-animation=\"\" data-delay=\"0\" >\n\t\t<div class=\"vc_column-inner\" >\n\t\t\t<div class=\"wpb_wrapper\">\n\t\t\t\t<div id=\"fws_69f529a6d7ee9\" data-midnight=\"\" data-column-margin=\"none\" class=\"wpb_row vc_row-fluid vc_row inner_row vc_row-o-content-middle\"  style=\"\"><div class=\"row-bg-wrap\"> <div class=\"row-bg\" ><\/div> <\/div><div class=\"row_col_wrap_12_inner col span_12  left\">\n\t<div  class=\"vc_col-sm-12 wpb_column column_container vc_column_container col child_column no-extra-padding inherit_tablet inherit_phone \"   data-padding-pos=\"all\" data-has-bg-color=\"false\" data-bg-color=\"\" data-bg-opacity=\"1\" data-animation=\"\" data-delay=\"0\" >\n\t\t<div class=\"vc_column-inner\" >\n\t\t<div class=\"wpb_wrapper\">\n\t\t\t<div class=\"nectar-split-heading \" data-align=\"default\" data-m-align=\"inherit\" data-text-effect=\"default\" data-animation-type=\"line-reveal-by-space\" data-animation-delay=\"0\" data-animation-offset=\"\" data-m-rm-animation=\"\" data-stagger=\"\" data-custom-font-size=\"false\" ><h2 style=\"max-width: 520px;\">C\u00f3mo conseguir tus entradas a la Mezquita Catedral de C\u00f3rdoba, sin complicaciones<\/h2><\/div>\n\t\t<\/div> \n\t<\/div>\n\t<\/div> \n<\/div><\/div><div id=\"fws_69f529a6d8050\" data-midnight=\"\" data-column-margin=\"default\" class=\"wpb_row vc_row-fluid vc_row inner_row vc_row-o-content-middle\"  style=\"\"><div class=\"row-bg-wrap\"> <div class=\"row-bg\" ><\/div> <\/div><div class=\"row_col_wrap_12_inner col span_12  left\">\n\t<div  class=\"vc_col-sm-12 wpb_column column_container vc_column_container col child_column has-animation no-extra-padding inherit_tablet inherit_phone \"   data-padding-pos=\"all\" data-has-bg-color=\"false\" data-bg-color=\"\" data-bg-opacity=\"1\" data-animation=\"fade-in-from-bottom\" data-delay=\"0\" >\n\t\t<div class=\"vc_column-inner\" >\n\t\t<div class=\"wpb_wrapper\">\n\t\t\t\n<div class=\"wpb_text_column wpb_content_element  vc_custom_1740939914621\" style=\" max-width: 500px; display: inline-block;\">\n\t<div class=\"wpb_wrapper\">\n\t\t<p>Evitar esperas y asegurarte la <strong>entrada a la Mezquita-Catedral de C\u00f3rdoba<\/strong> es m\u00e1s f\u00e1cil de lo que imaginas.<\/p>\n<p>La clave est\u00e1 en planificar con antelaci\u00f3n.\u00a0 Te guiamos paso a paso para que tu visita sea fluida y sin estr\u00e9s.<\/p>\n<p>Con un poco de organizaci\u00f3n, podr\u00e1s sumergirte en este <u>Patrimonio de la Humanidad<\/u> sin preocupaciones.<\/p>\n<h3>Opciones online y en taquilla<\/h3>\n<ul>\n<li>Compra online: La forma m\u00e1s pr\u00e1ctica y recomendada es adquirir tus entradas a trav\u00e9s de la web oficial <a href=\"https:\/\/tickets.mezquita-catedraldecordoba.es\/es\/458-web-individual\/5677-entrada-mezquita-catedral-de-cordoba\" target=\"_blank\" rel=\"noopener\">www.mezquitadecordoba.org<\/a>.<\/li>\n<\/ul>\n<p style=\"padding-left: 32px;\">Aqu\u00ed puedes seleccionar tu fecha y horario, pagar con tarjeta y recibir un c\u00f3digo QR instant\u00e1neo en el correo.<\/p>\n<p style=\"padding-left: 32px;\">Reserva con al menos <u>24-48 horas de antelaci\u00f3n<\/u>, especialmente en temporada alta (primavera y verano), para asegurar tu plaza. \u00a1Recuerda imprimir o tener el QR en tu m\u00f3vil!<\/p>\n\t<\/div>\n<\/div>\n\n\n\n\n\t\t<\/div> \n\t<\/div>\n\t<\/div> \n<\/div><\/div><div id=\"fws_69f529a6d81a2\" data-midnight=\"\" data-column-margin=\"default\" class=\"wpb_row vc_row-fluid vc_row inner_row\"  style=\"\"><div class=\"row-bg-wrap\"> <div class=\"row-bg\" ><\/div> <\/div><div class=\"row_col_wrap_12_inner col span_12  left\">\n\t<div  class=\"vc_col-sm-12 wpb_column column_container vc_column_container col child_column no-extra-padding inherit_tablet inherit_phone \"   data-padding-pos=\"all\" data-has-bg-color=\"false\" data-bg-color=\"\" data-bg-opacity=\"1\" data-animation=\"\" data-delay=\"0\" >\n\t\t<div class=\"vc_column-inner\" >\n\t\t<div class=\"wpb_wrapper\">\n\t\t\t\n\t\t<div class=\"nectar-3d-transparent-button\"  style=\"\" data-size=\"large\">\n\t\t  <a href=\"https:\/\/tickets.mezquita-catedraldecordoba.es\/es\/458-web-individual\/10009-entrada-mezquita-catedral-de-cordoba\" target=\"_blank\" role=\"button\" class=\"\"><span class=\"hidden-text\">Comprar entrada para la Mezquita-Catedral<\/span>\n\t\t\t<div class=\"inner-wrap\">\n\t\t\t\t<div class=\"front-3d\">\n\t\t\t\t\t<svg>\n\t\t\t\t\t\t<defs>\n\t\t\t\t\t\t\t<mask>\n\t\t\t\t\t\t\t\t<rect width=\"100%\" height=\"100%\" fill=\"#ffffff\"><\/rect>\n\t\t\t\t\t\t\t\t<text class=\"mask-text button-text\" fill=\"#000000\" text-anchor=\"middle\">Comprar entrada para la Mezquita-Catedral<\/text>\n\t\t\t\t\t\t\t<\/mask>\n\t\t\t\t\t\t<\/defs>\n\t\t\t\t\t\t<rect fill=\"#d1972b\" width=\"100%\" height=\"100%\" ><\/rect>\n\t\t\t\t\t<\/svg>\n\t\t\t\t<\/div>\n\t\t\t\t<div class=\"back-3d\">\n\t\t\t\t\t<svg>\n\t\t\t\t\t\t<rect stroke=\"#d1972b\" stroke-width=\"8\" fill=\"transparent\" width=\"100%\" height=\"100%\"><\/rect>\n\t\t\t\t\t\t<text class=\"button-text\" fill=\"#d1972b\" text-anchor=\"middle\">Comprar entrada para la Mezquita-Catedral<\/text>\n\t\t\t\t\t<\/svg>\n\t\t\t\t<\/div>\n\t\t\t<\/div>\n\t\t\t<\/a>\n\t\t<\/div>\n\t\t\n<div class=\"wpb_text_column wpb_content_element  vc_custom_1740940744740\" style=\" max-width: 500px; display: inline-block;\">\n\t<div class=\"wpb_wrapper\">\n\t\t<p>La subida al campanario conlleva un extra de 3\u20ac, p\u00eddelo directamente en taquilla o agr\u00e9galo online.<\/p>\n\t<\/div>\n<\/div>\n\n\n\n\n\t\t<\/div> \n\t<\/div>\n\t<\/div> \n<\/div><\/div>\n\t\t<div class=\"nectar-3d-transparent-button\"  style=\"\" data-size=\"large\">\n\t\t  <a href=\"https:\/\/tickets.mezquita-catedraldecordoba.es\/es\/458-web-individual\/2334-torre-campanario\" target=\"_blank\" role=\"button\" class=\"\"><span class=\"hidden-text\">Comprar entrada para la Torre Campanario<\/span>\n\t\t\t<div class=\"inner-wrap\">\n\t\t\t\t<div class=\"front-3d\">\n\t\t\t\t\t<svg>\n\t\t\t\t\t\t<defs>\n\t\t\t\t\t\t\t<mask>\n\t\t\t\t\t\t\t\t<rect width=\"100%\" height=\"100%\" fill=\"#ffffff\"><\/rect>\n\t\t\t\t\t\t\t\t<text class=\"mask-text button-text\" fill=\"#000000\" text-anchor=\"middle\">Comprar entrada para la Torre Campanario<\/text>\n\t\t\t\t\t\t\t<\/mask>\n\t\t\t\t\t\t<\/defs>\n\t\t\t\t\t\t<rect fill=\"#d1972b\" width=\"100%\" height=\"100%\" ><\/rect>\n\t\t\t\t\t<\/svg>\n\t\t\t\t<\/div>\n\t\t\t\t<div class=\"back-3d\">\n\t\t\t\t\t<svg>\n\t\t\t\t\t\t<rect stroke=\"#d1972b\" stroke-width=\"8\" fill=\"transparent\" width=\"100%\" height=\"100%\"><\/rect>\n\t\t\t\t\t\t<text class=\"button-text\" fill=\"#d1972b\" text-anchor=\"middle\">Comprar entrada para la Torre Campanario<\/text>\n\t\t\t\t\t<\/svg>\n\t\t\t\t<\/div>\n\t\t\t<\/div>\n\t\t\t<\/a>\n\t\t<\/div>\n\t\t\n<div class=\"wpb_text_column wpb_content_element  vc_custom_1740941749773\" style=\" max-width: 500px; display: inline-block;\">\n\t<div class=\"wpb_wrapper\">\n\t\t<ul>\n<li>Comprar la entrada en taquilla: Si prefieres la experiencia tradicional, las taquillas est\u00e1n ubicadas en el Patio de los Naranjos, y est\u00e1n a la venta hasta 30 minutos antes del cierre del monumento.<\/li>\n<\/ul>\n<p style=\"padding-left: 32px;\">Llega temprano, idealmente antes de las 10:00, para evitar esperas, y lleva efectivo o tarjeta. Ten en cuenta que el horario gratuito (8:30-9:30) no requiere entrada, pero el acceso es limitado y sin grupos.<\/p>\n<p style=\"padding-left: 32px;\">Si optas por visitas guiadas o la subida al campanario (extra de 3\u20ac), p\u00eddelo directamente en taquilla o agr\u00e9galo online.<\/p>\n\t<\/div>\n<\/div>\n\n\n\n\n<div class=\"wpb_text_column wpb_content_element  vc_custom_1740944095905\" style=\" max-width: 500px; display: inline-block;\">\n\t<div class=\"wpb_wrapper\">\n\t\t<h3>Ruta por las Iglesias Fernandinas<\/h3>\n<p>Con tu <strong>entrada a la Mezquita-Catedral de C\u00f3rdoba<\/strong>, emprende <u>un viaje gratuito<\/u> por un patrimonio vivo que narra la reconquista de la ciudad.<\/p>\n<p>Esta ruta incluye 10 iglesias construidas por orden de Fernando III el Santo entre los siglos XIII y XIV.<\/p>\n<p>Si NO HAS ADQUIRIDO tus <strong>entradas para la Mezquita Catedral de C\u00f3rdoba<\/strong>, pero quieres realizar la \u00abRuta de la Iglesias Fernandinas\u00bb, deber\u00e1s comprar un ticket para ello (5\u20ac). Ni\u00f1os menores de 10 a\u00f1os y nacidos en C\u00f3rdoba gratis.<\/p>\n\t<\/div>\n<\/div>\n\n\n\n\n\t\t<div class=\"nectar-3d-transparent-button\"  style=\"\" data-size=\"large\">\n\t\t  <a href=\"https:\/\/tickets.mezquita-catedraldecordoba.es\/es\/458-web-individual\/10008-ruta-iglesias-fernandinas\" target=\"_blank\" role=\"button\" class=\"\"><span class=\"hidden-text\">Comprar entrada para las Iglesias Fernandinas<\/span>\n\t\t\t<div class=\"inner-wrap\">\n\t\t\t\t<div class=\"front-3d\">\n\t\t\t\t\t<svg>\n\t\t\t\t\t\t<defs>\n\t\t\t\t\t\t\t<mask>\n\t\t\t\t\t\t\t\t<rect width=\"100%\" height=\"100%\" fill=\"#ffffff\"><\/rect>\n\t\t\t\t\t\t\t\t<text class=\"mask-text button-text\" fill=\"#000000\" text-anchor=\"middle\">Comprar entrada para las Iglesias Fernandinas<\/text>\n\t\t\t\t\t\t\t<\/mask>\n\t\t\t\t\t\t<\/defs>\n\t\t\t\t\t\t<rect fill=\"#d1972b\" width=\"100%\" height=\"100%\" ><\/rect>\n\t\t\t\t\t<\/svg>\n\t\t\t\t<\/div>\n\t\t\t\t<div class=\"back-3d\">\n\t\t\t\t\t<svg>\n\t\t\t\t\t\t<rect stroke=\"#d1972b\" stroke-width=\"8\" fill=\"transparent\" width=\"100%\" height=\"100%\"><\/rect>\n\t\t\t\t\t\t<text class=\"button-text\" fill=\"#d1972b\" text-anchor=\"middle\">Comprar entrada para las Iglesias Fernandinas<\/text>\n\t\t\t\t\t<\/svg>\n\t\t\t\t<\/div>\n\t\t\t<\/div>\n\t\t\t<\/a>\n\t\t<\/div>\n\t\t\n\t\t\t<\/div> \n\t\t<\/div>\n\t<\/div> \n\n\t<div  class=\"vc_col-sm-6 wpb_column column_container vc_column_container col padding-5-percent inherit_tablet inherit_phone \"  data-padding-pos=\"top-bottom\" data-has-bg-color=\"false\" data-bg-color=\"\" data-bg-opacity=\"1\" data-animation=\"\" data-delay=\"0\" >\n\t\t<div class=\"vc_column-inner\" >\n\t\t\t<div class=\"wpb_wrapper\">\n\t\t\t\t<div class=\"img-with-aniamtion-wrap \" data-max-width=\"100%\" data-max-width-mobile=\"default\" data-border-radius=\"3px\" data-shadow=\"medium_depth\" data-animation=\"none\"  style=\"margin-bottom: 2%; \">\n      <div class=\"inner\">\n        <div class=\"hover-wrap\"> \n          <div class=\"hover-wrap-inner\">\n            <img loading=\"lazy\" decoding=\"async\" class=\"img-with-animation skip-lazy \" data-delay=\"0\" height=\"1200\" width=\"689\" data-animation=\"none\" src=\"https:\/\/laalmuniaapartments.es\/wp-content\/uploads\/2025\/03\/el-alma-de-cordoba-visita-noctura-a-la-mezquita-catedral-de-cordoba.webp\" alt=\"el alma de cordoba visita noctura a la mezquita catedral de cordoba\" srcset=\"https:\/\/laalmuniaapartments.es\/wp-content\/uploads\/2025\/03\/el-alma-de-cordoba-visita-noctura-a-la-mezquita-catedral-de-cordoba.webp 689w, https:\/\/laalmuniaapartments.es\/wp-content\/uploads\/2025\/03\/el-alma-de-cordoba-visita-noctura-a-la-mezquita-catedral-de-cordoba-172x300.webp 172w, https:\/\/laalmuniaapartments.es\/wp-content\/uploads\/2025\/03\/el-alma-de-cordoba-visita-noctura-a-la-mezquita-catedral-de-cordoba-588x1024.webp 588w, https:\/\/laalmuniaapartments.es\/wp-content\/uploads\/2025\/03\/el-alma-de-cordoba-visita-noctura-a-la-mezquita-catedral-de-cordoba-7x12.webp 7w\" sizes=\"auto, (max-width: 689px) 100vw, 689px\" \/>\n          <\/div>\n        <\/div>\n      <\/div>\n    <\/div>\n<div class=\"wpb_text_column wpb_content_element \" >\n\t<div class=\"wpb_wrapper\">\n\t\t<h3>El Alma de C\u00f3rdoba<\/h3>\n<p>Prep\u00e1rate para una experiencia revolucionaria que transformar\u00e1 tu visita al monumento.<\/p>\n<p>Luz, sonido e im\u00e1genes se entrelazan magistralmente para sumergirte en un viaje fascinante, explorando su riqueza hist\u00f3rico-art\u00edstica y su profundo significado espiritual con una perspectiva \u00fanica.<\/p>\n<p>Este espect\u00e1culo nocturno comienza en <u>el emblem\u00e1tico Patio de los Naranjos<\/u>, donde una proyecci\u00f3n envolvente te llevar\u00e1 a trav\u00e9s de la historia del edificio y la ciudad.<\/p>\n<p>Luego, recorre el interior y descubre sus tesoros m\u00e1s destacados, fusionando innovaci\u00f3n y legado en cada paso. \u00a1Vive la magia de C\u00f3rdoba de noche!<\/p>\n\t<\/div>\n<\/div>\n\n\n\n<div id=\"fws_69f529a6d8d78\" data-midnight=\"\" data-column-margin=\"default\" class=\"wpb_row vc_row-fluid vc_row inner_row\"  style=\"\"><div class=\"row-bg-wrap\"> <div class=\"row-bg\" ><\/div> <\/div><div class=\"row_col_wrap_12_inner col span_12  left\">\n\t<div  class=\"vc_col-sm-12 wpb_column column_container vc_column_container col child_column no-extra-padding inherit_tablet inherit_phone \"   data-padding-pos=\"all\" data-has-bg-color=\"false\" data-bg-color=\"\" data-bg-opacity=\"1\" data-animation=\"\" data-delay=\"0\" >\n\t\t<div class=\"vc_column-inner\" >\n\t\t<div class=\"wpb_wrapper\">\n\t\t\t\n\t\t<div class=\"nectar-3d-transparent-button\"  style=\"\" data-size=\"large\">\n\t\t  <a href=\"https:\/\/tickets.mezquita-catedraldecordoba.es\/es\/458-web-individual\/5688-visita-nocturna-el-alma-de-cordoba\" target=\"_blank\" role=\"button\" class=\"\"><span class=\"hidden-text\">Comprar entrada para la visita nocturna<\/span>\n\t\t\t<div class=\"inner-wrap\">\n\t\t\t\t<div class=\"front-3d\">\n\t\t\t\t\t<svg>\n\t\t\t\t\t\t<defs>\n\t\t\t\t\t\t\t<mask>\n\t\t\t\t\t\t\t\t<rect width=\"100%\" height=\"100%\" fill=\"#ffffff\"><\/rect>\n\t\t\t\t\t\t\t\t<text class=\"mask-text button-text\" fill=\"#000000\" text-anchor=\"middle\">Comprar entrada para la visita nocturna<\/text>\n\t\t\t\t\t\t\t<\/mask>\n\t\t\t\t\t\t<\/defs>\n\t\t\t\t\t\t<rect fill=\"#d1972b\" width=\"100%\" height=\"100%\" ><\/rect>\n\t\t\t\t\t<\/svg>\n\t\t\t\t<\/div>\n\t\t\t\t<div class=\"back-3d\">\n\t\t\t\t\t<svg>\n\t\t\t\t\t\t<rect stroke=\"#d1972b\" stroke-width=\"8\" fill=\"transparent\" width=\"100%\" height=\"100%\"><\/rect>\n\t\t\t\t\t\t<text class=\"button-text\" fill=\"#d1972b\" text-anchor=\"middle\">Comprar entrada para la visita nocturna<\/text>\n\t\t\t\t\t<\/svg>\n\t\t\t\t<\/div>\n\t\t\t<\/div>\n\t\t\t<\/a>\n\t\t<\/div>\n\t\t\n\t\t<\/div> \n\t<\/div>\n\t<\/div> \n<\/div><\/div>\n<div class=\"wpb_text_column wpb_content_element \" >\n\t<div class=\"wpb_wrapper\">\n\t\t<h3>Horarios y entradas para la visita nocturna \u00abEl Alma de C\u00f3rdoba\u00bb<\/h3>\n<p>Este tour m\u00e1gico est\u00e1 disponible en horarios especiales (<a href=\"https:\/\/mezquita-catedraldecordoba.es\/organiza-la-visita\/entradas-y-horarios\/el-alma-de-cordoba\/\" target=\"_blank\" rel=\"noopener\">consulta aqu\u00ed<\/a>) y sus tarifas son:<\/p>\n<ul>\n<li>General: 20\u20ac<\/li>\n<li>Reducida: 14\u20ac mayores de 65 a\u00f1os, discapacitados, estudiantes hasta 26 a\u00f1os y ni\u00f1os de 7 a\u00f1os en adelante, previa acreditaci\u00f3n oficial.<\/li>\n<li>Gratuita: Menores de 7 a\u00f1os (sin audiogu\u00eda y acompa\u00f1ados de un adulto con entrada v\u00e1lida).<\/li>\n<\/ul>\n<p>Compra tu ticket online o en taquilla y vive una noche que combina arte, historia y espiritualidad como nunca antes. \u00a1Plazas limitadas!<\/p>\n\t<\/div>\n<\/div>\n\n\n\n\n\t\t\t<\/div> \n\t\t<\/div>\n\t<\/div> \n<\/div><\/div>\n\t\t<div id=\"fws_69f529a6d901f\"  data-column-margin=\"default\" data-midnight=\"dark\" data-top-percent=\"10%\" data-bottom-percent=\"5%\"  class=\"wpb_row vc_row-fluid vc_row full-width-content vc_row-o-equal-height vc_row-flex vc_row-o-content-top  right_padding_27pct left_padding_27pct top_padding_tablet_20pct bottom_padding_tablet_10pct right_padding_tablet_20pct right_padding_phone_6pct left_padding_tablet_20pct left_padding_phone_6pct\"  style=\"padding-top: calc(100vw * 0.10); padding-bottom: calc(100vw * 0.05); \"><div class=\"row-bg-wrap\" data-bg-animation=\"none\" data-bg-animation-delay=\"\" data-bg-overlay=\"false\"><div class=\"inner-wrap row-bg-layer\" ><div class=\"row-bg viewport-desktop\"  style=\"\"><\/div><\/div><\/div><div class=\"row_col_wrap_12 col span_12 dark left\">\n\t<div  class=\"vc_col-sm-12 wpb_column column_container vc_column_container col centered-text no-extra-padding el_spacing_0px inherit_tablet inherit_phone \"  data-padding-pos=\"all\" data-has-bg-color=\"false\" data-bg-color=\"\" data-bg-opacity=\"1\" data-animation=\"\" data-delay=\"0\" >\n\t\t<div class=\"vc_column-inner\" >\n\t\t\t<div class=\"wpb_wrapper\">\n\t\t\t\t<div id=\"fws_69f529a6d9118\" data-midnight=\"\" data-column-margin=\"20px\" class=\"wpb_row vc_row-fluid vc_row inner_row\"  style=\"\"><div class=\"row-bg-wrap\"> <div class=\"row-bg\" ><\/div> <\/div><div class=\"row_col_wrap_12_inner col span_12  left\">\n\t<div style=\"margin-bottom: 20px; \" class=\"vc_col-sm-12 wpb_column column_container vc_column_container col child_column has-animation no-extra-padding el_spacing_0px inherit_tablet inherit_phone \"   data-padding-pos=\"all\" data-has-bg-color=\"false\" data-bg-color=\"\" data-bg-opacity=\"1\" data-animation=\"fade-in-from-bottom\" data-delay=\"0\" data-animation-offset=\"80%\" >\n\t\t<div class=\"vc_column-inner\" >\n\t\t<div class=\"wpb_wrapper\">\n\t\t\t\n<div class=\"wpb_text_column wpb_content_element \" >\n\t<div class=\"wpb_wrapper\">\n\t\t<h5>\u00abEl Encuentro de la Historia\u00bb<\/h5>\n\t<\/div>\n<\/div>\n\n\n\n\n\t\t<\/div> \n\t<\/div>\n\t<\/div> \n<\/div><\/div><div class=\"nectar-split-heading  font_size_2vw font_size_phone_10vw \" data-align=\"default\" data-m-align=\"inherit\" data-text-effect=\"default\" data-animation-type=\"line-reveal-by-space\" data-animation-delay=\"0\" data-animation-offset=\"\" data-m-rm-animation=\"\" data-stagger=\"true\" data-custom-font-size=\"true\" style=\"font-size: 2vw; line-height: 2.2vw;\"><h2 >La Mezquita-Catedral de C\u00f3rdoba es una joya arquitect\u00f3nica que fusiona con maestr\u00eda el legado isl\u00e1mico y cristiano, narrando mil a\u00f1os de historia en cada uno de sus arcos y columnas.<\/h2><\/div>\n\t\t\t<\/div> \n\t\t<\/div>\n\t<\/div> \n<\/div><\/div>\n\t\t<div id=\"fws_69f529a6d92cd\"  data-column-margin=\"90px\" data-midnight=\"dark\" data-bottom-percent=\"8%\"  class=\"wpb_row vc_row-fluid vc_row full-width-section vc_row-o-equal-height vc_row-flex vc_row-o-content-top\"  style=\"padding-top: 0px; padding-bottom: calc(100vw * 0.08); \"><div class=\"row-bg-wrap\" data-bg-animation=\"none\" data-bg-animation-delay=\"\" data-bg-overlay=\"true\"><div class=\"inner-wrap row-bg-layer\" ><div class=\"row-bg viewport-desktop\"  style=\"\"><\/div><\/div><div class=\"row-bg-overlay row-bg-layer\" style=\"background: rgba(209,151,43,0.49); background: linear-gradient(90deg,rgba(209,151,43,0.49) 0%,#ffffff 100%);  opacity: 1; \"><\/div><\/div><div class=\"row_col_wrap_12 col span_12 dark left\">\n\t<div  class=\"vc_col-sm-6 wpb_column column_container vc_column_container col padding-4-percent inherit_tablet inherit_phone \"  data-padding-pos=\"top-bottom\" data-has-bg-color=\"false\" data-bg-color=\"\" data-bg-opacity=\"1\" data-animation=\"\" data-delay=\"0\" >\n\t\t<div class=\"vc_column-inner\" >\n\t\t\t<div class=\"wpb_wrapper\">\n\t\t\t\t<div id=\"fws_69f529a6d939f\" data-midnight=\"\" data-column-margin=\"none\" class=\"wpb_row vc_row-fluid vc_row inner_row vc_row-o-content-middle\"  style=\"\"><div class=\"row-bg-wrap\"> <div class=\"row-bg\" ><\/div> <\/div><div class=\"row_col_wrap_12_inner col span_12  left\">\n\t<div  class=\"vc_col-sm-12 wpb_column column_container vc_column_container col child_column no-extra-padding inherit_tablet inherit_phone \"   data-padding-pos=\"all\" data-has-bg-color=\"false\" data-bg-color=\"\" data-bg-opacity=\"1\" data-animation=\"\" data-delay=\"0\" >\n\t\t<div class=\"vc_column-inner\" >\n\t\t<div class=\"wpb_wrapper\">\n\t\t\t<div class=\"nectar-split-heading \" data-align=\"default\" data-m-align=\"inherit\" data-text-effect=\"default\" data-animation-type=\"line-reveal-by-space\" data-animation-delay=\"0\" data-animation-offset=\"\" data-m-rm-animation=\"\" data-stagger=\"\" data-custom-font-size=\"false\" ><h2 style=\"max-width: 520px;\">Vive la experiencia con visitas guiadas y tours especiales<\/h2><\/div>\n\t\t<\/div> \n\t<\/div>\n\t<\/div> \n<\/div><\/div><div id=\"fws_69f529a6d948b\" data-midnight=\"\" data-column-margin=\"default\" class=\"wpb_row vc_row-fluid vc_row inner_row vc_row-o-content-middle\"  style=\"\"><div class=\"row-bg-wrap\"> <div class=\"row-bg\" ><\/div> <\/div><div class=\"row_col_wrap_12_inner col span_12  left\">\n\t<div  class=\"vc_col-sm-12 wpb_column column_container vc_column_container col child_column has-animation no-extra-padding inherit_tablet inherit_phone \"   data-padding-pos=\"all\" data-has-bg-color=\"false\" data-bg-color=\"\" data-bg-opacity=\"1\" data-animation=\"fade-in-from-bottom\" data-delay=\"0\" >\n\t\t<div class=\"vc_column-inner\" >\n\t\t<div class=\"wpb_wrapper\">\n\t\t\t\n<div class=\"wpb_text_column wpb_content_element  vc_custom_1740994554151\" style=\" max-width: 500px; display: inline-block;\">\n\t<div class=\"wpb_wrapper\">\n\t\t<p>D\u00e9jate envolver por <strong>la riqueza de la Mezquita-Catedral de C\u00f3rdoba<\/strong> explorando sus historias y detalles a trav\u00e9s de las <a href=\"https:\/\/www.civitatis.com\/es\/cordoba\/\" target=\"_blank\" rel=\"noopener\">visitas guiadas y tours especiales<\/a>, opciones que pueden transformar tu viaje en algo inolvidable.<\/p>\n<p>Aunque no es obligatorio, acompa\u00f1arte de un gu\u00eda tur\u00edstico te permite descubrir facetas desconocidas de este <a href=\"https:\/\/whc.unesco.org\/es\/list\/313\" target=\"_blank\" rel=\"noopener\">Patrimonio de la Humanidad<\/a>, desde su evoluci\u00f3n arquitect\u00f3nica hasta los ecos de su pasado multicultural.<\/p>\n<p>Estas experiencias, disponibles en diversas formas, invitan a una conexi\u00f3n m\u00e1s profunda con el monumento, revelando informaci\u00f3n que de otra manera podr\u00eda pasar desapercibida.<\/p>\n<p>Tanto si disfrutas de la historia en solitario o con compa\u00f1\u00eda, estas alternativas enriquecen tu aventura con matices que la hacen \u00fanica.<\/p>\n\t<\/div>\n<\/div>\n\n\n\n\n\t\t<\/div> \n\t<\/div>\n\t<\/div> \n<\/div><\/div><div id=\"fws_69f529a6d95c3\" data-midnight=\"\" data-column-margin=\"default\" class=\"wpb_row vc_row-fluid vc_row inner_row\"  style=\"\"><div class=\"row-bg-wrap\"> <div class=\"row-bg\" ><\/div> <\/div><div class=\"row_col_wrap_12_inner col span_12  left\">\n\t<div  class=\"vc_col-sm-12 wpb_column column_container vc_column_container col child_column no-extra-padding inherit_tablet inherit_phone \"   data-padding-pos=\"all\" data-has-bg-color=\"false\" data-bg-color=\"\" data-bg-opacity=\"1\" data-animation=\"\" data-delay=\"0\" >\n\t\t<div class=\"vc_column-inner\" >\n\t\t<div class=\"wpb_wrapper\">\n\t\t\t\n\t\t<div class=\"nectar-3d-transparent-button\"  style=\"\" data-size=\"large\">\n\t\t  <a href=\"https:\/\/www.civitatis.com\/es\/cordoba\/visita-guiada-mezquita-cordoba\/\" target=\"_blank\" role=\"button\" class=\"\"><span class=\"hidden-text\">Visita guiada<\/span>\n\t\t\t<div class=\"inner-wrap\">\n\t\t\t\t<div class=\"front-3d\">\n\t\t\t\t\t<svg>\n\t\t\t\t\t\t<defs>\n\t\t\t\t\t\t\t<mask>\n\t\t\t\t\t\t\t\t<rect width=\"100%\" height=\"100%\" fill=\"#ffffff\"><\/rect>\n\t\t\t\t\t\t\t\t<text class=\"mask-text button-text\" fill=\"#000000\" text-anchor=\"middle\">Visita guiada<\/text>\n\t\t\t\t\t\t\t<\/mask>\n\t\t\t\t\t\t<\/defs>\n\t\t\t\t\t\t<rect fill=\"#d1972b\" width=\"100%\" height=\"100%\" ><\/rect>\n\t\t\t\t\t<\/svg>\n\t\t\t\t<\/div>\n\t\t\t\t<div class=\"back-3d\">\n\t\t\t\t\t<svg>\n\t\t\t\t\t\t<rect stroke=\"#d1972b\" stroke-width=\"8\" fill=\"transparent\" width=\"100%\" height=\"100%\"><\/rect>\n\t\t\t\t\t\t<text class=\"button-text\" fill=\"#d1972b\" text-anchor=\"middle\">Visita guiada<\/text>\n\t\t\t\t\t<\/svg>\n\t\t\t\t<\/div>\n\t\t\t<\/div>\n\t\t\t<\/a>\n\t\t<\/div>\n\t\t\n\t\t<\/div> \n\t<\/div>\n\t<\/div> \n<\/div><\/div>\n<div class=\"wpb_text_column wpb_content_element  vc_custom_1740995126626\" style=\" max-width: 500px; display: inline-block;\">\n\t<div class=\"wpb_wrapper\">\n\t\t<h3>Explora la historia de la Mezquita Catedral con recorridos guiados<\/h3>\n<p>Las visitas guiadas ofrecen una mirada detallada a la <strong>transici\u00f3n de la Mezquita-Catedral<\/strong> desde una bas\u00edlica visigoda, hasta su fusi\u00f3n con elementos cristianos, omeyas, g\u00f3ticos y renacentistas.<\/p>\n<p>Algunos incluyen un paseo por la Juder\u00eda o el Alc\u00e1zar de los Reyes Cristianos, perfectos para quienes desean abarcar m\u00e1s de C\u00f3rdoba en unas horas.<\/p>\n<p>Estas rutas, que pueden durar entre 1,5 y 3,5 horas, a\u00f1aden capas de conocimiento a tu visita.<\/p>\n<p>Para familias, hay actividades que involucran a los m\u00e1s peque\u00f1os, mientras que quienes prefieren un enfoque personalizado pueden explorar con gu\u00edas exclusivos, descubriendo matices que enriquecen la experiencia sin prisas.<\/p>\n\t<\/div>\n<\/div>\n\n\n\n\n\t\t\t<\/div> \n\t\t<\/div>\n\t<\/div> \n\n\t<div  class=\"vc_col-sm-6 wpb_column column_container vc_column_container col padding-5-percent inherit_tablet inherit_phone \"  data-padding-pos=\"top-bottom\" data-has-bg-color=\"false\" data-bg-color=\"\" data-bg-opacity=\"1\" data-animation=\"\" data-delay=\"0\" >\n\t\t<div class=\"vc_column-inner\" >\n\t\t\t<div class=\"wpb_wrapper\">\n\t\t\t\t<div class=\"img-with-aniamtion-wrap \" data-max-width=\"100%\" data-max-width-mobile=\"default\" data-border-radius=\"3px\" data-shadow=\"medium_depth\" data-animation=\"none\"  style=\"margin-bottom: 2%; \">\n      <div class=\"inner\">\n        <div class=\"hover-wrap\"> \n          <div class=\"hover-wrap-inner\">\n            <img loading=\"lazy\" decoding=\"async\" class=\"img-with-animation skip-lazy \" data-delay=\"0\" height=\"1200\" width=\"800\" data-animation=\"none\" src=\"https:\/\/laalmuniaapartments.es\/wp-content\/uploads\/2025\/03\/hammam-al-andalus-cordoba.webp\" alt=\"hammam-al-andalus-cordoba\" srcset=\"https:\/\/laalmuniaapartments.es\/wp-content\/uploads\/2025\/03\/hammam-al-andalus-cordoba.webp 800w, https:\/\/laalmuniaapartments.es\/wp-content\/uploads\/2025\/03\/hammam-al-andalus-cordoba-200x300.webp 200w, https:\/\/laalmuniaapartments.es\/wp-content\/uploads\/2025\/03\/hammam-al-andalus-cordoba-683x1024.webp 683w, https:\/\/laalmuniaapartments.es\/wp-content\/uploads\/2025\/03\/hammam-al-andalus-cordoba-768x1152.webp 768w, https:\/\/laalmuniaapartments.es\/wp-content\/uploads\/2025\/03\/hammam-al-andalus-cordoba-8x12.webp 8w\" sizes=\"auto, (max-width: 800px) 100vw, 800px\" \/>\n          <\/div>\n        <\/div>\n      <\/div>\n    <\/div>\n<div class=\"wpb_text_column wpb_content_element \" >\n\t<div class=\"wpb_wrapper\">\n\t\t<h2>Sum\u00e9rgete en la cultura cordobesa<\/h2>\n<p>El entorno cultural de C\u00f3rdoba tambi\u00e9n se presta a experiencias que complementan tu recorrido.<\/p>\n<p>Imagina un paseo nocturno por el centro hist\u00f3rico, donde las leyendas cobran vida, o un momento de calma en los <a href=\"https:\/\/cordoba.hammamalandalus.com\/\" target=\"_blank\" rel=\"noopener\">ba\u00f1os \u00e1rabes<\/a> cercanos, evocando la C\u00f3rdoba califal.<\/p>\n<p>Incluso un espect\u00e1culo flamenco en el Tablao El Cardenal puede a\u00f1adir un toque vibrante, conectando arte y tradici\u00f3n.<\/p>\n<p>Estas opciones, que a menudo parten desde la Mezquita Catedral, aportan contextos hist\u00f3ricos y culturales que invitan a apreciar la ciudad desde \u00e1ngulos nuevos, haciendo que cada paso revele algo inesperado.<\/p>\n<p>Siempre es enriquecedor considerar estas alternativas para profundizar en el viaje.<\/p>\n\t<\/div>\n<\/div>\n\n\n\n<div id=\"fws_69f529a6d9a96\" data-midnight=\"\" data-column-margin=\"default\" class=\"wpb_row vc_row-fluid vc_row inner_row\"  style=\"\"><div class=\"row-bg-wrap\"> <div class=\"row-bg\" ><\/div> <\/div><div class=\"row_col_wrap_12_inner col span_12  left\">\n\t<div  class=\"vc_col-sm-12 wpb_column column_container vc_column_container col child_column no-extra-padding inherit_tablet inherit_phone \"   data-padding-pos=\"all\" data-has-bg-color=\"false\" data-bg-color=\"\" data-bg-opacity=\"1\" data-animation=\"\" data-delay=\"0\" >\n\t\t<div class=\"vc_column-inner\" >\n\t\t<div class=\"wpb_wrapper\">\n\t\t\t\n\t\t<div class=\"nectar-3d-transparent-button\"  style=\"\" data-size=\"large\">\n\t\t  <a href=\"https:\/\/cordoba.hammamalandalus.com\/\" target=\"_blank\" role=\"button\" class=\"\"><span class=\"hidden-text\">Hammam Al \u00c1ndalus C\u00f3rdoba<\/span>\n\t\t\t<div class=\"inner-wrap\">\n\t\t\t\t<div class=\"front-3d\">\n\t\t\t\t\t<svg>\n\t\t\t\t\t\t<defs>\n\t\t\t\t\t\t\t<mask>\n\t\t\t\t\t\t\t\t<rect width=\"100%\" height=\"100%\" fill=\"#ffffff\"><\/rect>\n\t\t\t\t\t\t\t\t<text class=\"mask-text button-text\" fill=\"#000000\" text-anchor=\"middle\">Hammam Al \u00c1ndalus C\u00f3rdoba<\/text>\n\t\t\t\t\t\t\t<\/mask>\n\t\t\t\t\t\t<\/defs>\n\t\t\t\t\t\t<rect fill=\"#d1972b\" width=\"100%\" height=\"100%\" ><\/rect>\n\t\t\t\t\t<\/svg>\n\t\t\t\t<\/div>\n\t\t\t\t<div class=\"back-3d\">\n\t\t\t\t\t<svg>\n\t\t\t\t\t\t<rect stroke=\"#d1972b\" stroke-width=\"8\" fill=\"transparent\" width=\"100%\" height=\"100%\"><\/rect>\n\t\t\t\t\t\t<text class=\"button-text\" fill=\"#d1972b\" text-anchor=\"middle\">Hammam Al \u00c1ndalus C\u00f3rdoba<\/text>\n\t\t\t\t\t<\/svg>\n\t\t\t\t<\/div>\n\t\t\t<\/div>\n\t\t\t<\/a>\n\t\t<\/div>\n\t\t\n\t\t<\/div> \n\t<\/div>\n\t<\/div> \n<\/div><\/div>\n\t\t\t<\/div> \n\t\t<\/div>\n\t<\/div> \n<\/div><\/div>\n","protected":false},"excerpt":{"rendered":"Todo lo que debes saber sobre la Mezquita Catedral de C\u00f3rdoba. Gu\u00eda completa para tu visita Planificar tu visita a la Mezquita-Catedral de C\u00f3rdoba es clave para disfrutar al m\u00e1ximo...","protected":false},"author":1,"featured_media":0,"parent":0,"menu_order":0,"comment_status":"closed","ping_status":"closed","template":"","meta":{"inline_featured_image":false,"footnotes":""},"class_list":["post-963","page","type-page","status-publish"],"_links":{"self":[{"href":"https:\/\/laalmuniaapartments.es\/en\/wp-json\/wp\/v2\/pages\/963","targetHints":{"allow":["GET"]}}],"collection":[{"href":"https:\/\/laalmuniaapartments.es\/en\/wp-json\/wp\/v2\/pages"}],"about":[{"href":"https:\/\/laalmuniaapartments.es\/en\/wp-json\/wp\/v2\/types\/page"}],"author":[{"embeddable":true,"href":"https:\/\/laalmuniaapartments.es\/en\/wp-json\/wp\/v2\/users\/1"}],"replies":[{"embeddable":true,"href":"https:\/\/laalmuniaapartments.es\/en\/wp-json\/wp\/v2\/comments?post=963"}],"version-history":[{"count":49,"href":"https:\/\/laalmuniaapartments.es\/en\/wp-json\/wp\/v2\/pages\/963\/revisions"}],"predecessor-version":[{"id":1064,"href":"https:\/\/laalmuniaapartments.es\/en\/wp-json\/wp\/v2\/pages\/963\/revisions\/1064"}],"wp:attachment":[{"href":"https:\/\/laalmuniaapartments.es\/en\/wp-json\/wp\/v2\/media?parent=963"}],"curies":[{"name":"wp","href":"https:\/\/api.w.org\/{rel}","templated":true}]}}